{"id":1745,"date":"2024-08-02T19:59:40","date_gmt":"2024-08-02T19:59:40","guid":{"rendered":"https:\/\/www.wyomingehdi.org\/examenes-de-audicion-para-recien-nacidos\/"},"modified":"2025-01-07T22:44:31","modified_gmt":"2025-01-07T22:44:31","slug":"examenes-de-audicion-para-recien-nacidos","status":"publish","type":"page","link":"https:\/\/www.wyomingehdi.org\/es\/recien-nacido\/examenes-de-audicion-para-recien-nacidos\/","title":{"rendered":"Ex\u00e1menes de audici\u00f3n para reci\u00e9n nacidos"},"content":{"rendered":"        <!-- Load general styles -->\n                <style>\n            \/*\n            * Classes used by blocks to hide content at device breakpoints.\n            *\/\n            .cgb-container-hide-phone {\n                display: none;\n            }\n\n            \/* Hide on tablet *\/\n            @media (min-width: 48.875rem) {\n                .cgb-container-hide-phone {\n                    display: flex;  \/* Restore from previous display: none; *\/\n                }\n                .cgb-container-hide-tablet {\n                    display: none;\n                }\n            }\n\n            \/* Hide on desktop *\/\n            @media (min-width: 64.000rem) {\n                .cgb-container-hide-phone {\n                    display: flex;  \/* Restore from previous display: none; *\/\n                }\n                .cgb-container-hide-tablet {\n                    display: flex;  \/* Restore from previous display: none; *\/\n                }\n                .cgb-container-hide-desktop {\n                    display: none;\n                }\n            }\n        <\/style>\n    \n        <!-- Load styles specific to this block instance on our page -->\n        <style>\n            \/*\n             * Set mobile and desktop styles.\n             *\/\n            .block_bf00e035c8a70ce239dc2bb8bfd2f504 > .cgb-container-wrapper {\n                                box-sizing: border-box;\n                padding: 0 0 0;\n                margin: 0 0 0;\n                min-height: auto;\n                justify-content: flex-start;\n            }\n\n            @media (min-width: 48.875rem) {\n                .block_bf00e035c8a70ce239dc2bb8bfd2f504 > .cgb-container-wrapper {\n                    padding: 0 0 0;\n                    margin: 5.000rem 2.500rem 2.500rem;\n                    min-height: auto;\n                }\n            }\n\n            \/*\n             * Background image override if needed.\n             * If the background image size is the actual image size ('auto') and the viewport becomes\n             * wider than the image then stretch the image to always fill the viewport. Otherwise, the\n             * image will not display full width in larger viewports. The section id ensures this is\n             * specific to THIS particular block instance.\n             *\/\n            \n            \/*\n             * Set values for direct descendant container. The container may contain\n             * other containers you know.\n             *\/\n            .block_bf00e035c8a70ce239dc2bb8bfd2f504 > .cgb-container-wrapper > .cgb-container {\n                max-width: 55.000rem;\n            }\n        <\/style>\n\n        <section id=\"\"\n            class=\"cgb-container-block cgb-acf-block block_bf00e035c8a70ce239dc2bb8bfd2f504 \">\n\n            <div class=\"cgb-container-wrapper\">\n\n                <div class=\"cgb-container\">\n                                        \n\n<p class=\"has-pre-heading-font-size\">Pruebas de detecci\u00f3n de audici\u00f3n<\/p>\n\n\n\n<h1 class=\"wp-block-heading\">Ex\u00e1menes de audici\u00f3n para reci\u00e9n nacidos<\/h1>\n\n\n\n<figure class=\"wp-block-image size-full\"><img decoding=\"async\" src=\"https:\/\/www.wyomingehdi.org\/wp-content\/uploads\/2024\/08\/Shutterstock-sample-image2.jpg\" alt=\"Marcador de posici\u00f3n de la culata del obturador\" class=\"wp-image-1120\" style=\"object-fit:cover\"\/><\/figure>\n\n\n\n<p>Es muy importante detectar la p\u00e9rdida auditiva lo antes posible. Se recomienda encarecidamente que todos los beb\u00e9s se sometan a una prueba de audici\u00f3n antes de ser dados de alta del hospital en el momento de su nacimiento. En algunos estados, incluido Wyoming, es obligatorio que se realicen estas pruebas de detecci\u00f3n a menos que los padres se opongan o renuncien a ellas.  <\/p>\n\n\n\n<p>Si una p\u00e9rdida auditiva no se detecta en un beb\u00e9, puede afectar negativamente la adquisici\u00f3n del habla y el lenguaje, el rendimiento acad\u00e9mico y el desarrollo social y emocional. Si se detecta la p\u00e9rdida auditiva y se desarrolla y sigue un plan de intervenci\u00f3n temprana, estos impactos negativos pueden disminuirse e incluso eliminarse.   <\/p>\n\n\n\n<p>Los estudios han demostrado que los ni\u00f1os a los que se les identifica con p\u00e9rdida auditiva y se les coloca en una intervenci\u00f3n temprana adecuada antes de los seis meses de edad tienen m\u00e1s probabilidades de ingresar a la escuela con habilidades apropiadas para su edad que los ni\u00f1os que se identifican despu\u00e9s de los seis meses de edad.<\/p>\n\n\n\n<h2 class=\"wp-block-heading\">\u00bfPor qu\u00e9 se debe hacer una prueba de detecci\u00f3n de la audici\u00f3n de mi beb\u00e9?<\/h2>\n\n\n\n<p>M\u00e1s de la mitad de los beb\u00e9s que nacen con problemas auditivos son sanos y no tienen antecedentes familiares de p\u00e9rdida auditiva.<\/p>\n\n\n\n<p>Es importante detectar la p\u00e9rdida auditiva lo antes posible. El primer a\u00f1o de vida es fundamental para el desarrollo del lenguaje y el habla normales. La identificaci\u00f3n e intervenci\u00f3n tempranas es la clave.  <\/p>\n\n\n\n<h2 class=\"wp-block-heading\">\u00bfQu\u00e9 pasa si mi beb\u00e9 no pasa una prueba de audici\u00f3n?<\/h2>\n\n\n\n<p>Si su beb\u00e9 reci\u00e9n nacido no pasa su prueba de audici\u00f3n inicial, la hoja de ruta a continuaci\u00f3n ayudar\u00e1 a su familia a tomar las siguientes medidas. Si necesita ayuda para navegar por esta hoja de ruta o tiene preguntas, no dude en ponerse en contacto con el Programa EHDI de Wyoming. Descargue una versi\u00f3n imprimible\/editable de la <a href=\"https:\/\/www.wyomingehdi.org\/wp-content\/uploads\/2024\/08\/Family-Roadmap.pdf\">hoja de ruta de detecci\u00f3n auditiva<\/a>.<\/p>\n\n\n\n<p>  Es importante que siga las recomendaciones hechas por el personal del hospital, el m\u00e9dico, el personal del centro de desarrollo infantil, el personal del programa EHDI y\/o el audi\u00f3logo.<br>Los procedimientos del protocolo de detecci\u00f3n auditiva para reci\u00e9n nacidos son los siguientes:<\/p>\n\n\n\n<ul class=\"wp-block-list\">\n<li>Si su hijo no pasa la prueba de audici\u00f3n inicial, es importante que programe una cita en el hospital para una nueva prueba de detecci\u00f3n de 7 a 10 d\u00edas despu\u00e9s de la prueba inicial.<\/li>\n\n\n\n<li>Si su hijo no pasa la prueba de audici\u00f3n, comun\u00edquese con el m\u00e9dico de atenci\u00f3n primaria de su hijo, con el personal de la guarder\u00eda del hospital de partos o con el Programa EHDI de Wyoming para obtener informaci\u00f3n sobre c\u00f3mo programar una evaluaci\u00f3n de diagn\u00f3stico audiol\u00f3gico infantil.<\/li>\n<\/ul>\n\n\n\n<p>Si a su hijo se le diagnostica una p\u00e9rdida auditiva, es crucial que se desarrolle e implemente un Plan de Intervenci\u00f3n Temprana antes de los seis meses de edad<br>Si su beb\u00e9 no pasa la prueba de audici\u00f3n, es importante que el cuidado de su beb\u00e9 sea el adecuado a tiempo. Solo recuerda \u00ab1, 3, 6\u00bb:<\/p>\n\n\n\n<ul class=\"wp-block-list\">\n<li>La evaluaci\u00f3n auditiva se completa al mes de edad.<\/li>\n\n\n\n<li>La evaluaci\u00f3n auditiva se completa a los tres meses de edad.<\/li>\n\n\n\n<li>El Plan de Intervenci\u00f3n Temprana est\u00e1 en marcha a los seis meses de edad.<\/li>\n<\/ul>\n\n\n                <\/div>\n\n            <\/div>\n\n        <\/section>\n\n    \n\n        <!-- Load general styles -->\n                <style>\n            \/*\n            * Classes used by blocks to hide content at device breakpoints.\n            *\/\n            .cgb-container-hide-phone {\n                display: none;\n            }\n\n            \/* Hide on tablet *\/\n            @media (min-width: 48.875rem) {\n                .cgb-container-hide-phone {\n                    display: flex;  \/* Restore from previous display: none; *\/\n                }\n                .cgb-container-hide-tablet {\n                    display: none;\n                }\n            }\n\n            \/* Hide on desktop *\/\n            @media (min-width: 64.000rem) {\n                .cgb-container-hide-phone {\n                    display: flex;  \/* Restore from previous display: none; *\/\n                }\n                .cgb-container-hide-tablet {\n                    display: flex;  \/* Restore from previous display: none; *\/\n                }\n                .cgb-container-hide-desktop {\n                    display: none;\n                }\n            }\n        <\/style>\n    \n        <!-- Load styles specific to this block instance on our page -->\n        <style>\n            \/*\n             * Set mobile and desktop styles.\n             *\/\n            .block_565b90cf9b3e82f0a037e12f3347e090 > .cgb-container-wrapper {\n                background: #c6eadf !important;                box-sizing: border-box;\n                padding: 1.875rem 0 0;\n                margin: 0 0 0;\n                min-height: auto;\n                justify-content: center;\n            }\n\n            @media (min-width: 48.875rem) {\n                .block_565b90cf9b3e82f0a037e12f3347e090 > .cgb-container-wrapper {\n                    padding: 2.500rem 0 0;\n                    margin: 0 0 0;\n                    min-height: auto;\n                }\n            }\n\n            \/*\n             * Background image override if needed.\n             * If the background image size is the actual image size ('auto') and the viewport becomes\n             * wider than the image then stretch the image to always fill the viewport. Otherwise, the\n             * image will not display full width in larger viewports. The section id ensures this is\n             * specific to THIS particular block instance.\n             *\/\n            \n            \/*\n             * Set values for direct descendant container. The container may contain\n             * other containers you know.\n             *\/\n            .block_565b90cf9b3e82f0a037e12f3347e090 > .cgb-container-wrapper > .cgb-container {\n                max-width: 100%;\n            }\n        <\/style>\n\n        <section id=\"tertiary-menu\"\n            class=\"cgb-container-block cgb-acf-block block_565b90cf9b3e82f0a037e12f3347e090 \">\n\n            <div class=\"cgb-container-wrapper\">\n\n                <div class=\"cgb-container\">\n                                        \n\n<h2 class=\"wp-block-heading has-h-four-font-size\" id=\"online-courses\">Sigue explorando este tema<\/h2>\n\n\n        <nav id='id_29' class=\"cg-navigation  cg-block-navigation__keep-exploring-menu full-screen cg-nav-desktop keep-exploring wp-elements-227457a03269586724234556edc1ce48\" aria-label='Keep exploring menu'>\n                        <div id='id_29-modal' class=\"cg-block-navigation__responsive-container cg-nav-animated-container cg-block-navigation__container is-modal\">\n                <ul \n                    class=\"cg-block-navigation__container cg-nav-group style-as-list cg-flow-column has-background has-white-background-color has-text-color has-body-color\" style='flex-direction:column;padding-top:2px;padding-bottom:0px;margin-top:0;margin-bottom:0;row-gap:2px;line-height:1;' \n                    orientation='vertical' \n                    >\n                    \n        <li id='id_7' class='cg-nav-group cg-nav-menuitem style-as-list-item cg-nav-group__recien-nacidos  cg-parent-flow-column' style='' >\n                        <ul id='id_7-list' class=\"cg-block-navigation__group-container cg-block-navigation__container style-as-list cg-flow-column \"  orientation='vertical' style='flex-direction:column;justify-content:space-between;padding-top:0;padding-right:0;padding-bottom:0;padding-left:0;'>\n                \n        <li id='id_1' class='cg-page-link cg-nav-menuitem cg-block-navigation-item style-as-list-item has-background has-color-background-background-color cg-parent-flow-column' style='padding-top:1.75rem;padding-right:1.75rem;padding-bottom:1.75rem;padding-left:1.75rem;line-height:1;' >\n            <a class='link cg-block-navigation-item__content ' style='' href='https:\/\/www.wyomingehdi.org\/es\/recien-nacido\/' tabindex=\"0\"  >\n                <span class='cg-block-navigation-item__label'>Reci\u00e9n nacidos<\/span>\n                \n            <\/a>\n        <\/li>\n        \n\n        <li id='id_2' class='cg-page-link cg-nav-menuitem cg-block-navigation-item style-as-list-item has-background has-color-background-background-color cg-parent-flow-column' style='padding-top:1.75rem;padding-right:1.75rem;padding-bottom:1.75rem;padding-left:2.75rem;line-height:1;' >\n            <a class='link cg-block-navigation-item__content ' style='' href='https:\/\/www.wyomingehdi.org\/es\/recien-nacido\/examenes-de-audicion-para-recien-nacidos\/' tabindex=\"0\"  >\n                <span class='cg-block-navigation-item__label'>Ex\u00e1menes de audici\u00f3n para reci\u00e9n nacidos<\/span>\n                \n            <\/a>\n        <\/li>\n        \n\n        <li id='id_3' class='cg-page-link cg-nav-menuitem cg-block-navigation-item style-as-list-item has-background has-color-background-background-color cg-parent-flow-column' style='padding-top:1.75rem;padding-right:1.75rem;padding-bottom:1.75rem;padding-left:2.75rem;line-height:1;' >\n            <a class='link cg-block-navigation-item__content ' style='' href='https:\/\/www.wyomingehdi.org\/es\/hospitales-de-maternidad\/' tabindex=\"0\"  >\n                <span class='cg-block-navigation-item__label'>Directorio de Hospitales de Maternidad<\/span>\n                \n            <\/a>\n        <\/li>\n        \n\n        <li id='id_4' class='cg-page-link cg-nav-menuitem cg-block-navigation-item style-as-list-item has-background has-color-background-background-color cg-parent-flow-column' style='padding-top:1.75rem;padding-right:1.75rem;padding-bottom:1.75rem;padding-left:2.75rem;line-height:1;' >\n            <a class='link cg-block-navigation-item__content ' style='' href='https:\/\/www.wyomingehdi.org\/es\/recursos-para-hospitales\/' tabindex=\"0\"  >\n                <span class='cg-block-navigation-item__label'>Recursos para hospitales<\/span>\n                \n            <\/a>\n        <\/li>\n        \n\n        <li id='id_5' class='cg-page-link cg-nav-menuitem cg-block-navigation-item style-as-list-item has-background has-color-background-background-color cg-parent-flow-column' style='padding-top:1.75rem;padding-right:1.75rem;padding-bottom:1.75rem;padding-left:2.75rem;line-height:1;' >\n            <a class='link cg-block-navigation-item__content ' style='' href='https:\/\/www.wyomingehdi.org\/es\/recursos-para-parteras\/' tabindex=\"0\"  >\n                <span class='cg-block-navigation-item__label'>Recursos para parteras<\/span>\n                \n            <\/a>\n        <\/li>\n        \n\n        <li id='id_6' class='cg-page-link cg-nav-menuitem cg-block-navigation-item style-as-list-item has-background has-color-background-background-color cg-parent-flow-column' style='padding-top:1.75rem;padding-right:1.75rem;padding-bottom:1.75rem;padding-left:2.75rem;line-height:1;' >\n            <a class='link cg-block-navigation-item__content ' style='' href='https:\/\/www.wyomingehdi.org\/es\/preguntas-frecuentes-sobre-las-pruebas-de-audicion-para-recien-nacidos\/' tabindex=\"0\"  >\n                <span class='cg-block-navigation-item__label'>Preguntas frecuentes sobre las pruebas de audici\u00f3n para reci\u00e9n nacidos<\/span>\n                \n            <\/a>\n        <\/li>\n        \n\n            <\/ul>\n        <\/li>\n        \n\n        <li id='id_10' class='cg-nav-group cg-nav-menuitem style-as-list-item cg-nav-group__primera-infancia  cg-parent-flow-column' style='' >\n                        <ul id='id_10-list' class=\"cg-block-navigation__group-container cg-block-navigation__container style-as-list cg-flow-column \"  orientation='vertical' style='flex-direction:column;justify-content:space-between;padding-top:0;padding-right:0;padding-bottom:0;padding-left:0;'>\n                \n        <li id='id_8' class='cg-page-link cg-nav-menuitem cg-block-navigation-item style-as-list-item has-background has-color-background-background-color cg-parent-flow-column' style='padding-top:1.75rem;padding-right:1.75rem;padding-bottom:1.75rem;padding-left:1.75rem;line-height:1;' >\n            <a class='link cg-block-navigation-item__content ' style='' href='https:\/\/www.wyomingehdi.org\/es\/primera-infancia\/' tabindex=\"0\"  >\n                <span class='cg-block-navigation-item__label'>Primera infancia<\/span>\n                \n            <\/a>\n        <\/li>\n        \n\n        <li id='id_9' class='cg-page-link cg-nav-menuitem cg-block-navigation-item style-as-list-item has-background has-color-background-background-color cg-parent-flow-column' style='padding-top:1.75rem;padding-right:1.75rem;padding-bottom:1.75rem;padding-left:2.75rem;line-height:1;' >\n            <a class='link cg-block-navigation-item__content ' style='' href='https:\/\/www.wyomingehdi.org\/es\/resumen-de-la-formacion\/capacitaciones-de-ehdi-is\/' tabindex=\"0\"  >\n                <span class='cg-block-navigation-item__label'>Capacitaciones de EHDI-IS<\/span>\n                \n            <\/a>\n        <\/li>\n        \n\n            <\/ul>\n        <\/li>\n        \n\n        <li id='id_14' class='cg-nav-group cg-nav-menuitem style-as-list-item cg-nav-group__capacitacion-en-linea  cg-parent-flow-column' style='' >\n                        <ul id='id_14-list' class=\"cg-block-navigation__group-container cg-block-navigation__container style-as-list cg-flow-column \"  orientation='vertical' style='flex-direction:column;justify-content:space-between;padding-top:0;padding-right:0;padding-bottom:0;padding-left:0;'>\n                \n        <li id='id_11' class='cg-page-link cg-nav-menuitem cg-block-navigation-item style-as-list-item has-background has-color-background-background-color cg-parent-flow-column' style='padding-top:1.75rem;padding-right:1.75rem;padding-bottom:1.75rem;padding-left:1.75rem;line-height:1;' >\n            <a class='link cg-block-navigation-item__content ' style='' href='https:\/\/www.wyomingehdi.org\/es\/resumen-de-la-formacion\/capacitacion-en-linea\/' tabindex=\"0\"  >\n                <span class='cg-block-navigation-item__label'>Capacitaci\u00f3n en l\u00ednea<\/span>\n                \n            <\/a>\n        <\/li>\n        \n\n        <li id='id_12' class='cg-page-link cg-nav-menuitem cg-block-navigation-item style-as-list-item has-background has-color-background-background-color cg-parent-flow-column' style='padding-top:1.75rem;padding-right:1.75rem;padding-bottom:1.75rem;padding-left:2.75rem;line-height:1;' >\n            <a class='link cg-block-navigation-item__content ' style='' href='https:\/\/www.wyomingehdi.org\/es\/resumen-de-la-formacion\/capacitacion-en-linea\/otoscopia\/' tabindex=\"0\"  >\n                <span class='cg-block-navigation-item__label'>Otoscopia<\/span>\n                \n            <\/a>\n        <\/li>\n        \n\n        <li id='id_13' class='cg-page-link cg-nav-menuitem cg-block-navigation-item style-as-list-item has-background has-color-background-background-color cg-parent-flow-column' style='padding-top:1.75rem;padding-right:1.75rem;padding-bottom:1.75rem;padding-left:2.75rem;line-height:1;' >\n            <a class='link cg-block-navigation-item__content ' style='' href='https:\/\/www.wyomingehdi.org\/es\/resumen-de-la-formacion\/capacitacion-en-linea\/entrenamiento-de-immitancia\/' tabindex=\"0\"  >\n                <span class='cg-block-navigation-item__label'>Entrenamiento de Immitancia<\/span>\n                \n            <\/a>\n        <\/li>\n        \n\n            <\/ul>\n        <\/li>\n        \n\n        <li id='id_17' class='cg-nav-group cg-nav-menuitem style-as-list-item cg-nav-group__entrenamientos-weii  cg-parent-flow-column' style='' >\n                        <ul id='id_17-list' class=\"cg-block-navigation__group-container cg-block-navigation__container style-as-list cg-flow-column \"  orientation='vertical' style='flex-direction:column;justify-content:space-between;padding-top:0;padding-right:0;padding-bottom:0;padding-left:0;line-height:1.5;'>\n                \n        <li id='id_15' class='cg-page-link cg-nav-menuitem cg-block-navigation-item style-as-list-item has-background has-color-background-background-color cg-parent-flow-column' style='padding-top:1.75rem;padding-right:1.75rem;padding-bottom:1.75rem;padding-left:1.75rem;line-height:1;' >\n            <a class='link cg-block-navigation-item__content ' style='' href='https:\/\/www.wyomingehdi.org\/es\/iniciativa-de-intervencion-temprana-de-wyoming-weii\/entrenamientos-weii\/' tabindex=\"0\"  >\n                <span class='cg-block-navigation-item__label'>Entrenamientos WEII<\/span>\n                \n            <\/a>\n        <\/li>\n        \n\n        <li id='id_16' class='cg-page-link cg-nav-menuitem cg-block-navigation-item style-as-list-item has-background has-color-background-background-color cg-parent-flow-column' style='padding-top:1.75rem;padding-right:1.75rem;padding-bottom:1.75rem;padding-left:2.75rem;line-height:1;' >\n            <a class='link cg-block-navigation-item__content ' style='' href='https:\/\/www.wyomingehdi.org\/es\/resumen-de-la-formacion\/capacitacion-en-linea\/' tabindex=\"0\"  >\n                <span class='cg-block-navigation-item__label'>Capacitaci\u00f3n en l\u00ednea<\/span>\n                \n            <\/a>\n        <\/li>\n        \n\n            <\/ul>\n        <\/li>\n        \n\n        <li id='id_19' class='cg-nav-group cg-nav-menuitem style-as-list-item cg-nav-group__tipos-de-perdida-auditiva  cg-parent-flow-column' style='' >\n                        <ul id='id_19-list' class=\"cg-block-navigation__group-container cg-block-navigation__container style-as-list cg-flow-column \"  orientation='vertical' style='flex-direction:column;justify-content:space-between;padding-top:0;padding-right:0;padding-bottom:0;padding-left:0;line-height:1.5;'>\n                \n        <li id='id_18' class='cg-page-link cg-nav-menuitem cg-block-navigation-item style-as-list-item has-background has-color-background-background-color cg-parent-flow-column' style='padding-top:1.75rem;padding-right:1.75rem;padding-bottom:1.75rem;padding-left:1.75rem;line-height:1;' >\n            <a class='link cg-block-navigation-item__content ' style='' href='https:\/\/www.wyomingehdi.org\/es\/descripcion-general-de-la-audicion-y-la-sordera\/tipos-de-perdida-auditiva\/' tabindex=\"0\"  >\n                <span class='cg-block-navigation-item__label'>Tipos de p\u00e9rdida auditiva<\/span>\n                \n            <\/a>\n        <\/li>\n        \n\n            <\/ul>\n        <\/li>\n        \n\n        <li id='id_22' class='cg-nav-group cg-nav-menuitem style-as-list-item cg-nav-group__recursos-para-las-familias  cg-parent-flow-column' style='' >\n                        <ul id='id_22-list' class=\"cg-block-navigation__group-container cg-block-navigation__container style-as-list cg-flow-column \"  orientation='vertical' style='flex-direction:column;justify-content:space-between;padding-top:0;padding-right:0;padding-bottom:0;padding-left:0;'>\n                \n        <li id='id_20' class='cg-page-link cg-nav-menuitem cg-block-navigation-item style-as-list-item has-background has-color-background-background-color cg-parent-flow-column' style='padding-top:1.75rem;padding-right:1.75rem;padding-bottom:1.75rem;padding-left:1.75rem;' >\n            <a class='link cg-block-navigation-item__content ' style='' href='https:\/\/www.wyomingehdi.org\/es\/recursos-para-las-familias\/' tabindex=\"0\"  >\n                <span class='cg-block-navigation-item__label'>Recursos para las familias<\/span>\n                \n            <\/a>\n        <\/li>\n        \n\n        <li id='id_21' class='cg-page-link cg-nav-menuitem cg-block-navigation-item style-as-list-item has-background has-color-background-background-color cg-parent-flow-column' style='padding-top:1.75rem;padding-right:1.75rem;padding-bottom:1.75rem;padding-left:2.75rem;' >\n            <a class='link cg-block-navigation-item__content ' style='' href='https:\/\/www.cdc.gov\/ncbddd\/Spanish\/actearly\/milestones\/index.html' tabindex=\"0\"  >\n                <span class='cg-block-navigation-item__label'>Hitos del desarrollo de los CDC<\/span>\n                \n            <\/a>\n        <\/li>\n        \n\n            <\/ul>\n        <\/li>\n        \n\n        <li id='id_25' class='cg-nav-group cg-nav-menuitem style-as-list-item cg-nav-group__que-causa-la-perdida-de-audicion  cg-parent-flow-column' style='' >\n                        <ul id='id_25-list' class=\"cg-block-navigation__group-container cg-block-navigation__container style-as-list cg-flow-column \"  orientation='vertical' style='flex-direction:column;justify-content:space-between;padding-top:0;padding-right:0;padding-bottom:0;padding-left:0;'>\n                \n        <li id='id_23' class='cg-page-link cg-nav-menuitem cg-block-navigation-item style-as-list-item has-background has-color-background-background-color cg-parent-flow-column' style='padding-top:1.75rem;padding-right:1.75rem;padding-bottom:1.75rem;padding-left:1.75rem;' >\n            <a class='link cg-block-navigation-item__content ' style='' href='https:\/\/www.wyomingehdi.org\/es\/descripcion-general-de-la-audicion-y-la-sordera\/que-causa-la-perdida-de-audicion\/' tabindex=\"0\"  >\n                <span class='cg-block-navigation-item__label'>\u00bfQu\u00e9 causa la p\u00e9rdida de audici\u00f3n?<\/span>\n                \n            <\/a>\n        <\/li>\n        \n\n        <li id='id_24' class='cg-page-link cg-nav-menuitem cg-block-navigation-item style-as-list-item has-background has-color-background-background-color cg-parent-flow-column' style='padding-top:1.75rem;padding-right:1.75rem;padding-bottom:1.75rem;padding-left:2rem;' >\n            <a class='link cg-block-navigation-item__content ' style='' href='https:\/\/www.audiology.org\/' tabindex=\"0\"  >\n                <span class='cg-block-navigation-item__label'>American Academy of Audiology<\/span>\n                \n            <\/a>\n        <\/li>\n        \n\n            <\/ul>\n        <\/li>\n        \n\n        <li id='id_28' class='cg-nav-group cg-nav-menuitem style-as-list-item cg-nav-group__etapas-de-desarrollo-de-la-audicion  cg-parent-flow-column' style='' >\n                        <ul id='id_28-list' class=\"cg-block-navigation__group-container cg-block-navigation__container style-as-list cg-flow-column \"  orientation='vertical' style='flex-direction:column;justify-content:space-between;padding-top:0;padding-right:0;padding-bottom:0;padding-left:0;'>\n                \n        <li id='id_26' class='cg-page-link cg-nav-menuitem cg-block-navigation-item style-as-list-item has-background has-color-background-background-color cg-parent-flow-column' style='padding-top:1.75rem;padding-right:2px;padding-bottom:1.75rem;padding-left:2px;' >\n            <a class='link cg-block-navigation-item__content ' style='' href='https:\/\/www.wyomingehdi.org\/es\/descripcion-general-de-la-audicion-y-la-sordera\/etapas-de-desarrollo-de-la-audicion\/' tabindex=\"0\"  >\n                <span class='cg-block-navigation-item__label'>Etapas de desarrollo de la audici\u00f3n<\/span>\n                \n            <\/a>\n        <\/li>\n        \n\n        <li id='id_27' class='cg-page-link cg-nav-menuitem cg-block-navigation-item style-as-list-item has-background has-color-background-background-color cg-parent-flow-column' style='padding-top:1.75rem;padding-right:1.75rem;padding-bottom:1.75rem;padding-left:2rem;' >\n            <a class='link cg-block-navigation-item__content ' style='' href='https:\/\/www.wyomingehdi.org\/es\/descripcion-general-de-la-audicion-y-la-sordera\/datos-sobre-la-audicion-y-la-sordera\/' tabindex=\"0\"  >\n                <span class='cg-block-navigation-item__label'>Datos sobre la audici\u00f3n y la sordera<\/span>\n                \n            <\/a>\n        <\/li>\n        \n\n            <\/ul>\n        <\/li>\n        \n\n                <\/ul>\n            <\/div>\n        <\/nav>\n        \n\n                <\/div>\n\n            <\/div>\n\n        <\/section>\n\n    ","protected":false},"excerpt":{"rendered":"<p>Pruebas de detecci\u00f3n de audici\u00f3n Ex\u00e1menes de audici\u00f3n para reci\u00e9n nacidos Es muy importante detectar la p\u00e9rdida auditiva lo antes posible. Se recomienda encarecidamente que todos los beb\u00e9s se sometan a una prueba de audici\u00f3n antes de ser dados de alta del hospital en el momento de su nacimiento. En algunos estados, incluido Wyoming, es&hellip;<\/p>\n","protected":false},"author":2,"featured_media":0,"parent":1749,"menu_order":0,"comment_status":"closed","ping_status":"closed","template":"","meta":{"_acf_changed":false,"_monsterinsights_skip_tracking":false,"_monsterinsights_sitenote_active":false,"_monsterinsights_sitenote_note":"","_monsterinsights_sitenote_category":0,"footnotes":""},"class_list":["post-1745","page","type-page","status-publish","hentry"],"acf":[],"yoast_head":"<!-- This site is optimized with the Yoast SEO plugin v27.4 - https:\/\/yoast.com\/product\/yoast-seo-wordpress\/ -->\n<title>Ex\u00e1menes de audici\u00f3n para reci\u00e9n nacidos - Wyoming EHDI<\/title>\n<meta name=\"robots\" content=\"index, follow, max-snippet:-1, max-image-preview:large, max-video-preview:-1\" \/>\n<link rel=\"canonical\" href=\"https:\/\/www.wyomingehdi.org\/es\/recien-nacido\/examenes-de-audicion-para-recien-nacidos\/\" \/>\n<meta property=\"og:locale\" content=\"es_ES\" \/>\n<meta property=\"og:type\" content=\"article\" \/>\n<meta property=\"og:title\" content=\"Ex\u00e1menes de audici\u00f3n para reci\u00e9n nacidos - Wyoming EHDI\" \/>\n<meta property=\"og:description\" content=\"Pruebas de detecci\u00f3n de audici\u00f3n Ex\u00e1menes de audici\u00f3n para reci\u00e9n nacidos Es muy importante detectar la p\u00e9rdida auditiva lo antes posible. Se recomienda encarecidamente que todos los beb\u00e9s se sometan a una prueba de audici\u00f3n antes de ser dados de alta del hospital en el momento de su nacimiento. En algunos estados, incluido Wyoming, es&hellip;\" \/>\n<meta property=\"og:url\" content=\"https:\/\/www.wyomingehdi.org\/es\/recien-nacido\/examenes-de-audicion-para-recien-nacidos\/\" \/>\n<meta property=\"og:site_name\" content=\"Wyoming EHDI\" \/>\n<meta property=\"article:modified_time\" content=\"2025-01-07T22:44:31+00:00\" \/>\n<meta name=\"twitter:card\" content=\"summary_large_image\" \/>\n<meta name=\"twitter:label1\" content=\"Tiempo de lectura\" \/>\n\t<meta name=\"twitter:data1\" content=\"3 minutos\" \/>\n<script type=\"application\/ld+json\" class=\"yoast-schema-graph\">{\"@context\":\"https:\\\/\\\/schema.org\",\"@graph\":[{\"@type\":\"WebPage\",\"@id\":\"https:\\\/\\\/www.wyomingehdi.org\\\/es\\\/recien-nacido\\\/examenes-de-audicion-para-recien-nacidos\\\/\",\"url\":\"https:\\\/\\\/www.wyomingehdi.org\\\/es\\\/recien-nacido\\\/examenes-de-audicion-para-recien-nacidos\\\/\",\"name\":\"Ex\u00e1menes de audici\u00f3n para reci\u00e9n nacidos - Wyoming EHDI\",\"isPartOf\":{\"@id\":\"https:\\\/\\\/www.wyomingehdi.org\\\/es\\\/#website\"},\"primaryImageOfPage\":{\"@id\":\"https:\\\/\\\/www.wyomingehdi.org\\\/es\\\/recien-nacido\\\/examenes-de-audicion-para-recien-nacidos\\\/#primaryimage\"},\"image\":{\"@id\":\"https:\\\/\\\/www.wyomingehdi.org\\\/es\\\/recien-nacido\\\/examenes-de-audicion-para-recien-nacidos\\\/#primaryimage\"},\"thumbnailUrl\":\"https:\\\/\\\/www.wyomingehdi.org\\\/wp-content\\\/uploads\\\/2024\\\/08\\\/Shutterstock-sample-image2.jpg\",\"datePublished\":\"2024-08-02T19:59:40+00:00\",\"dateModified\":\"2025-01-07T22:44:31+00:00\",\"breadcrumb\":{\"@id\":\"https:\\\/\\\/www.wyomingehdi.org\\\/es\\\/recien-nacido\\\/examenes-de-audicion-para-recien-nacidos\\\/#breadcrumb\"},\"inLanguage\":\"es\",\"potentialAction\":[{\"@type\":\"ReadAction\",\"target\":[\"https:\\\/\\\/www.wyomingehdi.org\\\/es\\\/recien-nacido\\\/examenes-de-audicion-para-recien-nacidos\\\/\"]}]},{\"@type\":\"ImageObject\",\"inLanguage\":\"es\",\"@id\":\"https:\\\/\\\/www.wyomingehdi.org\\\/es\\\/recien-nacido\\\/examenes-de-audicion-para-recien-nacidos\\\/#primaryimage\",\"url\":\"https:\\\/\\\/www.wyomingehdi.org\\\/wp-content\\\/uploads\\\/2024\\\/08\\\/Shutterstock-sample-image2.jpg\",\"contentUrl\":\"https:\\\/\\\/www.wyomingehdi.org\\\/wp-content\\\/uploads\\\/2024\\\/08\\\/Shutterstock-sample-image2.jpg\"},{\"@type\":\"BreadcrumbList\",\"@id\":\"https:\\\/\\\/www.wyomingehdi.org\\\/es\\\/recien-nacido\\\/examenes-de-audicion-para-recien-nacidos\\\/#breadcrumb\",\"itemListElement\":[{\"@type\":\"ListItem\",\"position\":1,\"name\":\"Home\",\"item\":\"https:\\\/\\\/www.wyomingehdi.org\\\/es\\\/\"},{\"@type\":\"ListItem\",\"position\":2,\"name\":\"Reci\u00e9n nacido\",\"item\":\"https:\\\/\\\/www.wyomingehdi.org\\\/es\\\/recien-nacido\\\/\"},{\"@type\":\"ListItem\",\"position\":3,\"name\":\"Ex\u00e1menes de audici\u00f3n para reci\u00e9n nacidos\"}]},{\"@type\":\"WebSite\",\"@id\":\"https:\\\/\\\/www.wyomingehdi.org\\\/es\\\/#website\",\"url\":\"https:\\\/\\\/www.wyomingehdi.org\\\/es\\\/\",\"name\":\"Wyoming EHDI\",\"description\":\"Wyoming Early Hearing Detection &amp; Intervention\",\"publisher\":{\"@id\":\"https:\\\/\\\/www.wyomingehdi.org\\\/es\\\/#organization\"},\"potentialAction\":[{\"@type\":\"SearchAction\",\"target\":{\"@type\":\"EntryPoint\",\"urlTemplate\":\"https:\\\/\\\/www.wyomingehdi.org\\\/es\\\/search\\\/{search_term_string}\"},\"query-input\":{\"@type\":\"PropertyValueSpecification\",\"valueRequired\":true,\"valueName\":\"search_term_string\"}}],\"inLanguage\":\"es\"},{\"@type\":\"Organization\",\"@id\":\"https:\\\/\\\/www.wyomingehdi.org\\\/es\\\/#organization\",\"name\":\"Wyoming EHDI\",\"url\":\"https:\\\/\\\/www.wyomingehdi.org\\\/es\\\/\",\"logo\":{\"@type\":\"ImageObject\",\"inLanguage\":\"es\",\"@id\":\"https:\\\/\\\/www.wyomingehdi.org\\\/es\\\/#\\\/schema\\\/logo\\\/image\\\/\",\"url\":\"https:\\\/\\\/www.wyomingehdi.org\\\/wp-content\\\/uploads\\\/2024\\\/07\\\/ehdi-wyoming-logo.svg\",\"contentUrl\":\"https:\\\/\\\/www.wyomingehdi.org\\\/wp-content\\\/uploads\\\/2024\\\/07\\\/ehdi-wyoming-logo.svg\",\"width\":241,\"height\":28,\"caption\":\"Wyoming EHDI\"},\"image\":{\"@id\":\"https:\\\/\\\/www.wyomingehdi.org\\\/es\\\/#\\\/schema\\\/logo\\\/image\\\/\"}}]}<\/script>\n<!-- \/ Yoast SEO plugin. -->","yoast_head_json":{"title":"Ex\u00e1menes de audici\u00f3n para reci\u00e9n nacidos - Wyoming EHDI","robots":{"index":"index","follow":"follow","max-snippet":"max-snippet:-1","max-image-preview":"max-image-preview:large","max-video-preview":"max-video-preview:-1"},"canonical":"https:\/\/www.wyomingehdi.org\/es\/recien-nacido\/examenes-de-audicion-para-recien-nacidos\/","og_locale":"es_ES","og_type":"article","og_title":"Ex\u00e1menes de audici\u00f3n para reci\u00e9n nacidos - Wyoming EHDI","og_description":"Pruebas de detecci\u00f3n de audici\u00f3n Ex\u00e1menes de audici\u00f3n para reci\u00e9n nacidos Es muy importante detectar la p\u00e9rdida auditiva lo antes posible. Se recomienda encarecidamente que todos los beb\u00e9s se sometan a una prueba de audici\u00f3n antes de ser dados de alta del hospital en el momento de su nacimiento. En algunos estados, incluido Wyoming, es&hellip;","og_url":"https:\/\/www.wyomingehdi.org\/es\/recien-nacido\/examenes-de-audicion-para-recien-nacidos\/","og_site_name":"Wyoming EHDI","article_modified_time":"2025-01-07T22:44:31+00:00","twitter_card":"summary_large_image","twitter_misc":{"Tiempo de lectura":"3 minutos"},"schema":{"@context":"https:\/\/schema.org","@graph":[{"@type":"WebPage","@id":"https:\/\/www.wyomingehdi.org\/es\/recien-nacido\/examenes-de-audicion-para-recien-nacidos\/","url":"https:\/\/www.wyomingehdi.org\/es\/recien-nacido\/examenes-de-audicion-para-recien-nacidos\/","name":"Ex\u00e1menes de audici\u00f3n para reci\u00e9n nacidos - Wyoming EHDI","isPartOf":{"@id":"https:\/\/www.wyomingehdi.org\/es\/#website"},"primaryImageOfPage":{"@id":"https:\/\/www.wyomingehdi.org\/es\/recien-nacido\/examenes-de-audicion-para-recien-nacidos\/#primaryimage"},"image":{"@id":"https:\/\/www.wyomingehdi.org\/es\/recien-nacido\/examenes-de-audicion-para-recien-nacidos\/#primaryimage"},"thumbnailUrl":"https:\/\/www.wyomingehdi.org\/wp-content\/uploads\/2024\/08\/Shutterstock-sample-image2.jpg","datePublished":"2024-08-02T19:59:40+00:00","dateModified":"2025-01-07T22:44:31+00:00","breadcrumb":{"@id":"https:\/\/www.wyomingehdi.org\/es\/recien-nacido\/examenes-de-audicion-para-recien-nacidos\/#breadcrumb"},"inLanguage":"es","potentialAction":[{"@type":"ReadAction","target":["https:\/\/www.wyomingehdi.org\/es\/recien-nacido\/examenes-de-audicion-para-recien-nacidos\/"]}]},{"@type":"ImageObject","inLanguage":"es","@id":"https:\/\/www.wyomingehdi.org\/es\/recien-nacido\/examenes-de-audicion-para-recien-nacidos\/#primaryimage","url":"https:\/\/www.wyomingehdi.org\/wp-content\/uploads\/2024\/08\/Shutterstock-sample-image2.jpg","contentUrl":"https:\/\/www.wyomingehdi.org\/wp-content\/uploads\/2024\/08\/Shutterstock-sample-image2.jpg"},{"@type":"BreadcrumbList","@id":"https:\/\/www.wyomingehdi.org\/es\/recien-nacido\/examenes-de-audicion-para-recien-nacidos\/#breadcrumb","itemListElement":[{"@type":"ListItem","position":1,"name":"Home","item":"https:\/\/www.wyomingehdi.org\/es\/"},{"@type":"ListItem","position":2,"name":"Reci\u00e9n nacido","item":"https:\/\/www.wyomingehdi.org\/es\/recien-nacido\/"},{"@type":"ListItem","position":3,"name":"Ex\u00e1menes de audici\u00f3n para reci\u00e9n nacidos"}]},{"@type":"WebSite","@id":"https:\/\/www.wyomingehdi.org\/es\/#website","url":"https:\/\/www.wyomingehdi.org\/es\/","name":"Wyoming EHDI","description":"Wyoming Early Hearing Detection &amp; Intervention","publisher":{"@id":"https:\/\/www.wyomingehdi.org\/es\/#organization"},"potentialAction":[{"@type":"SearchAction","target":{"@type":"EntryPoint","urlTemplate":"https:\/\/www.wyomingehdi.org\/es\/search\/{search_term_string}"},"query-input":{"@type":"PropertyValueSpecification","valueRequired":true,"valueName":"search_term_string"}}],"inLanguage":"es"},{"@type":"Organization","@id":"https:\/\/www.wyomingehdi.org\/es\/#organization","name":"Wyoming EHDI","url":"https:\/\/www.wyomingehdi.org\/es\/","logo":{"@type":"ImageObject","inLanguage":"es","@id":"https:\/\/www.wyomingehdi.org\/es\/#\/schema\/logo\/image\/","url":"https:\/\/www.wyomingehdi.org\/wp-content\/uploads\/2024\/07\/ehdi-wyoming-logo.svg","contentUrl":"https:\/\/www.wyomingehdi.org\/wp-content\/uploads\/2024\/07\/ehdi-wyoming-logo.svg","width":241,"height":28,"caption":"Wyoming EHDI"},"image":{"@id":"https:\/\/www.wyomingehdi.org\/es\/#\/schema\/logo\/image\/"}}]}},"_links":{"self":[{"href":"https:\/\/www.wyomingehdi.org\/es\/wp-json\/wp\/v2\/pages\/1745","targetHints":{"allow":["GET"]}}],"collection":[{"href":"https:\/\/www.wyomingehdi.org\/es\/wp-json\/wp\/v2\/pages"}],"about":[{"href":"https:\/\/www.wyomingehdi.org\/es\/wp-json\/wp\/v2\/types\/page"}],"author":[{"embeddable":true,"href":"https:\/\/www.wyomingehdi.org\/es\/wp-json\/wp\/v2\/users\/2"}],"replies":[{"embeddable":true,"href":"https:\/\/www.wyomingehdi.org\/es\/wp-json\/wp\/v2\/comments?post=1745"}],"version-history":[{"count":0,"href":"https:\/\/www.wyomingehdi.org\/es\/wp-json\/wp\/v2\/pages\/1745\/revisions"}],"up":[{"embeddable":true,"href":"https:\/\/www.wyomingehdi.org\/es\/wp-json\/wp\/v2\/pages\/1749"}],"wp:attachment":[{"href":"https:\/\/www.wyomingehdi.org\/es\/wp-json\/wp\/v2\/media?parent=1745"}],"curies":[{"name":"wp","href":"https:\/\/api.w.org\/{rel}","templated":true}]}}