{"id":1754,"date":"2024-07-30T21:44:08","date_gmt":"2024-07-30T21:44:08","guid":{"rendered":"https:\/\/www.wyomingehdi.org\/perdida-auditiva-de-inicio-tardio-lohl\/"},"modified":"2025-01-02T21:15:20","modified_gmt":"2025-01-02T21:15:20","slug":"perdida-auditiva-de-inicio-tardio-lohl","status":"publish","type":"page","link":"https:\/\/www.wyomingehdi.org\/es\/descripcion-general-de-la-audicion-y-la-sordera\/perdida-auditiva-de-inicio-tardio-lohl\/","title":{"rendered":"P\u00e9rdida auditiva de inicio tard\u00edo (LOHL)"},"content":{"rendered":"        <!-- Load general styles -->\n                <style>\n            \/*\n            * Classes used by blocks to hide content at device breakpoints.\n            *\/\n            .cgb-container-hide-phone {\n                display: none;\n            }\n\n            \/* Hide on tablet *\/\n            @media (min-width: 48.875rem) {\n                .cgb-container-hide-phone {\n                    display: flex;  \/* Restore from previous display: none; *\/\n                }\n                .cgb-container-hide-tablet {\n                    display: none;\n                }\n            }\n\n            \/* Hide on desktop *\/\n            @media (min-width: 64.000rem) {\n                .cgb-container-hide-phone {\n                    display: flex;  \/* Restore from previous display: none; *\/\n                }\n                .cgb-container-hide-tablet {\n                    display: flex;  \/* Restore from previous display: none; *\/\n                }\n                .cgb-container-hide-desktop {\n                    display: none;\n                }\n            }\n        <\/style>\n    \n        <!-- Load styles specific to this block instance on our page -->\n        <style>\n            \/*\n             * Set mobile and desktop styles.\n             *\/\n            .block_e06e9b7bcf9d3d5d5d7e8f6c1995ce0c > .cgb-container-wrapper {\n                                box-sizing: border-box;\n                padding: 0 0 0;\n                margin: 0 0 0;\n                min-height: auto;\n                justify-content: flex-start;\n            }\n\n            @media (min-width: 48.875rem) {\n                .block_e06e9b7bcf9d3d5d5d7e8f6c1995ce0c > .cgb-container-wrapper {\n                    padding: 5.000rem 2.500rem 2.500rem;\n                    margin: 0 0 0;\n                    min-height: auto;\n                }\n            }\n\n            \/*\n             * Background image override if needed.\n             * If the background image size is the actual image size ('auto') and the viewport becomes\n             * wider than the image then stretch the image to always fill the viewport. Otherwise, the\n             * image will not display full width in larger viewports. The section id ensures this is\n             * specific to THIS particular block instance.\n             *\/\n            \n            \/*\n             * Set values for direct descendant container. The container may contain\n             * other containers you know.\n             *\/\n            .block_e06e9b7bcf9d3d5d5d7e8f6c1995ce0c > .cgb-container-wrapper > .cgb-container {\n                max-width: 55.000rem;\n            }\n        <\/style>\n\n        <section id=\"\"\n            class=\"cgb-container-block cgb-acf-block block_e06e9b7bcf9d3d5d5d7e8f6c1995ce0c \">\n\n            <div class=\"cgb-container-wrapper\">\n\n                <div class=\"cgb-container\">\n                                        \n\n<h1 class=\"wp-block-heading\">P\u00e9rdida auditiva de inicio tard\u00edo (LOHL)<\/h1>\n\n\n\n<p>La p\u00e9rdida de audici\u00f3n puede ocurrir en cualquier momento de la vida&#8230; desde antes de nacer hasta la edad adulta&#8230;<\/p>\n\n\n\n<h2 class=\"wp-block-heading\">\u00bfQu\u00e9 es la p\u00e9rdida auditiva de inicio tard\u00edo (LOHL)?<\/h2>\n\n\n\n<p>La p\u00e9rdida auditiva de inicio tard\u00edo (LOHL, por sus siglas en ingl\u00e9s) es cuando un ni\u00f1o desarrolla una p\u00e9rdida auditiva en alg\u00fan momento despu\u00e9s de nacer, pero antes de ingresar al jard\u00edn de infantes. Es posible que su hijo pase la prueba de audici\u00f3n al nacer y luego desarrolle una p\u00e9rdida auditiva m\u00e1s adelante en la vida. Es importante que su hijo contin\u00fae recibiendo ex\u00e1menes de audici\u00f3n anualmente despu\u00e9s de su nacimiento hasta sus a\u00f1os preescolares. Esto ayudar\u00e1 en la detecci\u00f3n temprana y permitir\u00e1 una intervenci\u00f3n temprana para la p\u00e9rdida auditiva de inicio tard\u00edo.<\/p>\n\n\n\n<p>La audici\u00f3n desempe\u00f1a un papel vital y, a menudo, sutil en el desarrollo temprano de los ni\u00f1os. Los ni\u00f1os aprenden el habla y el lenguaje escuchando a los que los rodean. Si existe una p\u00e9rdida auditiva, es posible que un ni\u00f1o no pueda recibir un beneficio \u00f3ptimo del lenguaje hablado durante este per\u00edodo de crecimiento y, como resultado, pueden ocurrir retrasos en el habla y el lenguaje. Muchos problemas de audici\u00f3n en los ni\u00f1os son m\u00ednimos, pero significativos para el desarrollo. Es importante que se identifique incluso la m\u00e1s m\u00ednima p\u00e9rdida auditiva para que se pueda proporcionar un tratamiento adecuado del desarrollo. Muchas p\u00e9rdidas auditivas son temporales y pueden tratarse con \u00e9xito con atenci\u00f3n m\u00e9dica. Aseg\u00farese de que la audici\u00f3n de su hijo sea examinada al nacer y luego anualmente durante sus a\u00f1os preescolares. Para programar una prueba de audici\u00f3n, comun\u00edquese con el m\u00e9dico de atenci\u00f3n primaria de su hijo o con su Centro de Desarrollo Infantil local<\/p>\n\n\n                <\/div>\n\n            <\/div>\n\n        <\/section>\n\n    ","protected":false},"excerpt":{"rendered":"<p>P\u00e9rdida auditiva de inicio tard\u00edo (LOHL) La p\u00e9rdida de audici\u00f3n puede ocurrir en cualquier momento de la vida&#8230; desde antes de nacer hasta la edad adulta&#8230; \u00bfQu\u00e9 es la p\u00e9rdida auditiva de inicio tard\u00edo (LOHL)? La p\u00e9rdida auditiva de inicio tard\u00edo (LOHL, por sus siglas en ingl\u00e9s) es cuando un ni\u00f1o desarrolla una p\u00e9rdida auditiva&hellip;<\/p>\n","protected":false},"author":2,"featured_media":0,"parent":1773,"menu_order":0,"comment_status":"closed","ping_status":"closed","template":"","meta":{"_acf_changed":false,"_monsterinsights_skip_tracking":false,"_monsterinsights_sitenote_active":false,"_monsterinsights_sitenote_note":"","_monsterinsights_sitenote_category":0,"footnotes":""},"class_list":["post-1754","page","type-page","status-publish","hentry"],"acf":[],"yoast_head":"<!-- This site is optimized with the Yoast SEO plugin v27.4 - https:\/\/yoast.com\/product\/yoast-seo-wordpress\/ -->\n<title>P\u00e9rdida auditiva de inicio tard\u00edo (LOHL) - Wyoming EHDI<\/title>\n<meta name=\"robots\" content=\"index, follow, max-snippet:-1, max-image-preview:large, max-video-preview:-1\" \/>\n<link rel=\"canonical\" href=\"https:\/\/www.wyomingehdi.org\/es\/descripcion-general-de-la-audicion-y-la-sordera\/perdida-auditiva-de-inicio-tardio-lohl\/\" \/>\n<meta property=\"og:locale\" content=\"es_ES\" \/>\n<meta property=\"og:type\" content=\"article\" \/>\n<meta property=\"og:title\" content=\"P\u00e9rdida auditiva de inicio tard\u00edo (LOHL) - Wyoming EHDI\" \/>\n<meta property=\"og:description\" content=\"P\u00e9rdida auditiva de inicio tard\u00edo (LOHL) La p\u00e9rdida de audici\u00f3n puede ocurrir en cualquier momento de la vida&#8230; desde antes de nacer hasta la edad adulta&#8230; \u00bfQu\u00e9 es la p\u00e9rdida auditiva de inicio tard\u00edo (LOHL)? La p\u00e9rdida auditiva de inicio tard\u00edo (LOHL, por sus siglas en ingl\u00e9s) es cuando un ni\u00f1o desarrolla una p\u00e9rdida auditiva&hellip;\" \/>\n<meta property=\"og:url\" content=\"https:\/\/www.wyomingehdi.org\/es\/descripcion-general-de-la-audicion-y-la-sordera\/perdida-auditiva-de-inicio-tardio-lohl\/\" \/>\n<meta property=\"og:site_name\" content=\"Wyoming EHDI\" \/>\n<meta property=\"article:modified_time\" content=\"2025-01-02T21:15:20+00:00\" \/>\n<meta name=\"twitter:card\" content=\"summary_large_image\" \/>\n<meta name=\"twitter:label1\" content=\"Tiempo de lectura\" \/>\n\t<meta name=\"twitter:data1\" content=\"2 minutos\" \/>\n<script type=\"application\/ld+json\" class=\"yoast-schema-graph\">{\"@context\":\"https:\\\/\\\/schema.org\",\"@graph\":[{\"@type\":\"WebPage\",\"@id\":\"https:\\\/\\\/www.wyomingehdi.org\\\/es\\\/descripcion-general-de-la-audicion-y-la-sordera\\\/perdida-auditiva-de-inicio-tardio-lohl\\\/\",\"url\":\"https:\\\/\\\/www.wyomingehdi.org\\\/es\\\/descripcion-general-de-la-audicion-y-la-sordera\\\/perdida-auditiva-de-inicio-tardio-lohl\\\/\",\"name\":\"P\u00e9rdida auditiva de inicio tard\u00edo (LOHL) - Wyoming EHDI\",\"isPartOf\":{\"@id\":\"https:\\\/\\\/www.wyomingehdi.org\\\/es\\\/#website\"},\"datePublished\":\"2024-07-30T21:44:08+00:00\",\"dateModified\":\"2025-01-02T21:15:20+00:00\",\"breadcrumb\":{\"@id\":\"https:\\\/\\\/www.wyomingehdi.org\\\/es\\\/descripcion-general-de-la-audicion-y-la-sordera\\\/perdida-auditiva-de-inicio-tardio-lohl\\\/#breadcrumb\"},\"inLanguage\":\"es\",\"potentialAction\":[{\"@type\":\"ReadAction\",\"target\":[\"https:\\\/\\\/www.wyomingehdi.org\\\/es\\\/descripcion-general-de-la-audicion-y-la-sordera\\\/perdida-auditiva-de-inicio-tardio-lohl\\\/\"]}]},{\"@type\":\"BreadcrumbList\",\"@id\":\"https:\\\/\\\/www.wyomingehdi.org\\\/es\\\/descripcion-general-de-la-audicion-y-la-sordera\\\/perdida-auditiva-de-inicio-tardio-lohl\\\/#breadcrumb\",\"itemListElement\":[{\"@type\":\"ListItem\",\"position\":1,\"name\":\"Home\",\"item\":\"https:\\\/\\\/www.wyomingehdi.org\\\/es\\\/\"},{\"@type\":\"ListItem\",\"position\":2,\"name\":\"Descripci\u00f3n general de la audici\u00f3n y la sordera\",\"item\":\"https:\\\/\\\/www.wyomingehdi.org\\\/es\\\/descripcion-general-de-la-audicion-y-la-sordera\\\/\"},{\"@type\":\"ListItem\",\"position\":3,\"name\":\"P\u00e9rdida auditiva de inicio tard\u00edo (LOHL)\"}]},{\"@type\":\"WebSite\",\"@id\":\"https:\\\/\\\/www.wyomingehdi.org\\\/es\\\/#website\",\"url\":\"https:\\\/\\\/www.wyomingehdi.org\\\/es\\\/\",\"name\":\"Wyoming EHDI\",\"description\":\"Wyoming Early Hearing Detection &amp; Intervention\",\"publisher\":{\"@id\":\"https:\\\/\\\/www.wyomingehdi.org\\\/es\\\/#organization\"},\"potentialAction\":[{\"@type\":\"SearchAction\",\"target\":{\"@type\":\"EntryPoint\",\"urlTemplate\":\"https:\\\/\\\/www.wyomingehdi.org\\\/es\\\/search\\\/{search_term_string}\"},\"query-input\":{\"@type\":\"PropertyValueSpecification\",\"valueRequired\":true,\"valueName\":\"search_term_string\"}}],\"inLanguage\":\"es\"},{\"@type\":\"Organization\",\"@id\":\"https:\\\/\\\/www.wyomingehdi.org\\\/es\\\/#organization\",\"name\":\"Wyoming EHDI\",\"url\":\"https:\\\/\\\/www.wyomingehdi.org\\\/es\\\/\",\"logo\":{\"@type\":\"ImageObject\",\"inLanguage\":\"es\",\"@id\":\"https:\\\/\\\/www.wyomingehdi.org\\\/es\\\/#\\\/schema\\\/logo\\\/image\\\/\",\"url\":\"https:\\\/\\\/www.wyomingehdi.org\\\/wp-content\\\/uploads\\\/2024\\\/07\\\/ehdi-wyoming-logo.svg\",\"contentUrl\":\"https:\\\/\\\/www.wyomingehdi.org\\\/wp-content\\\/uploads\\\/2024\\\/07\\\/ehdi-wyoming-logo.svg\",\"width\":241,\"height\":28,\"caption\":\"Wyoming EHDI\"},\"image\":{\"@id\":\"https:\\\/\\\/www.wyomingehdi.org\\\/es\\\/#\\\/schema\\\/logo\\\/image\\\/\"}}]}<\/script>\n<!-- \/ Yoast SEO plugin. -->","yoast_head_json":{"title":"P\u00e9rdida auditiva de inicio tard\u00edo (LOHL) - Wyoming EHDI","robots":{"index":"index","follow":"follow","max-snippet":"max-snippet:-1","max-image-preview":"max-image-preview:large","max-video-preview":"max-video-preview:-1"},"canonical":"https:\/\/www.wyomingehdi.org\/es\/descripcion-general-de-la-audicion-y-la-sordera\/perdida-auditiva-de-inicio-tardio-lohl\/","og_locale":"es_ES","og_type":"article","og_title":"P\u00e9rdida auditiva de inicio tard\u00edo (LOHL) - Wyoming EHDI","og_description":"P\u00e9rdida auditiva de inicio tard\u00edo (LOHL) La p\u00e9rdida de audici\u00f3n puede ocurrir en cualquier momento de la vida&#8230; desde antes de nacer hasta la edad adulta&#8230; \u00bfQu\u00e9 es la p\u00e9rdida auditiva de inicio tard\u00edo (LOHL)? La p\u00e9rdida auditiva de inicio tard\u00edo (LOHL, por sus siglas en ingl\u00e9s) es cuando un ni\u00f1o desarrolla una p\u00e9rdida auditiva&hellip;","og_url":"https:\/\/www.wyomingehdi.org\/es\/descripcion-general-de-la-audicion-y-la-sordera\/perdida-auditiva-de-inicio-tardio-lohl\/","og_site_name":"Wyoming EHDI","article_modified_time":"2025-01-02T21:15:20+00:00","twitter_card":"summary_large_image","twitter_misc":{"Tiempo de lectura":"2 minutos"},"schema":{"@context":"https:\/\/schema.org","@graph":[{"@type":"WebPage","@id":"https:\/\/www.wyomingehdi.org\/es\/descripcion-general-de-la-audicion-y-la-sordera\/perdida-auditiva-de-inicio-tardio-lohl\/","url":"https:\/\/www.wyomingehdi.org\/es\/descripcion-general-de-la-audicion-y-la-sordera\/perdida-auditiva-de-inicio-tardio-lohl\/","name":"P\u00e9rdida auditiva de inicio tard\u00edo (LOHL) - Wyoming EHDI","isPartOf":{"@id":"https:\/\/www.wyomingehdi.org\/es\/#website"},"datePublished":"2024-07-30T21:44:08+00:00","dateModified":"2025-01-02T21:15:20+00:00","breadcrumb":{"@id":"https:\/\/www.wyomingehdi.org\/es\/descripcion-general-de-la-audicion-y-la-sordera\/perdida-auditiva-de-inicio-tardio-lohl\/#breadcrumb"},"inLanguage":"es","potentialAction":[{"@type":"ReadAction","target":["https:\/\/www.wyomingehdi.org\/es\/descripcion-general-de-la-audicion-y-la-sordera\/perdida-auditiva-de-inicio-tardio-lohl\/"]}]},{"@type":"BreadcrumbList","@id":"https:\/\/www.wyomingehdi.org\/es\/descripcion-general-de-la-audicion-y-la-sordera\/perdida-auditiva-de-inicio-tardio-lohl\/#breadcrumb","itemListElement":[{"@type":"ListItem","position":1,"name":"Home","item":"https:\/\/www.wyomingehdi.org\/es\/"},{"@type":"ListItem","position":2,"name":"Descripci\u00f3n general de la audici\u00f3n y la sordera","item":"https:\/\/www.wyomingehdi.org\/es\/descripcion-general-de-la-audicion-y-la-sordera\/"},{"@type":"ListItem","position":3,"name":"P\u00e9rdida auditiva de inicio tard\u00edo (LOHL)"}]},{"@type":"WebSite","@id":"https:\/\/www.wyomingehdi.org\/es\/#website","url":"https:\/\/www.wyomingehdi.org\/es\/","name":"Wyoming EHDI","description":"Wyoming Early Hearing Detection &amp; Intervention","publisher":{"@id":"https:\/\/www.wyomingehdi.org\/es\/#organization"},"potentialAction":[{"@type":"SearchAction","target":{"@type":"EntryPoint","urlTemplate":"https:\/\/www.wyomingehdi.org\/es\/search\/{search_term_string}"},"query-input":{"@type":"PropertyValueSpecification","valueRequired":true,"valueName":"search_term_string"}}],"inLanguage":"es"},{"@type":"Organization","@id":"https:\/\/www.wyomingehdi.org\/es\/#organization","name":"Wyoming EHDI","url":"https:\/\/www.wyomingehdi.org\/es\/","logo":{"@type":"ImageObject","inLanguage":"es","@id":"https:\/\/www.wyomingehdi.org\/es\/#\/schema\/logo\/image\/","url":"https:\/\/www.wyomingehdi.org\/wp-content\/uploads\/2024\/07\/ehdi-wyoming-logo.svg","contentUrl":"https:\/\/www.wyomingehdi.org\/wp-content\/uploads\/2024\/07\/ehdi-wyoming-logo.svg","width":241,"height":28,"caption":"Wyoming EHDI"},"image":{"@id":"https:\/\/www.wyomingehdi.org\/es\/#\/schema\/logo\/image\/"}}]}},"_links":{"self":[{"href":"https:\/\/www.wyomingehdi.org\/es\/wp-json\/wp\/v2\/pages\/1754","targetHints":{"allow":["GET"]}}],"collection":[{"href":"https:\/\/www.wyomingehdi.org\/es\/wp-json\/wp\/v2\/pages"}],"about":[{"href":"https:\/\/www.wyomingehdi.org\/es\/wp-json\/wp\/v2\/types\/page"}],"author":[{"embeddable":true,"href":"https:\/\/www.wyomingehdi.org\/es\/wp-json\/wp\/v2\/users\/2"}],"replies":[{"embeddable":true,"href":"https:\/\/www.wyomingehdi.org\/es\/wp-json\/wp\/v2\/comments?post=1754"}],"version-history":[{"count":0,"href":"https:\/\/www.wyomingehdi.org\/es\/wp-json\/wp\/v2\/pages\/1754\/revisions"}],"up":[{"embeddable":true,"href":"https:\/\/www.wyomingehdi.org\/es\/wp-json\/wp\/v2\/pages\/1773"}],"wp:attachment":[{"href":"https:\/\/www.wyomingehdi.org\/es\/wp-json\/wp\/v2\/media?parent=1754"}],"curies":[{"name":"wp","href":"https:\/\/api.w.org\/{rel}","templated":true}]}}