{"id":1755,"date":"2024-07-30T21:43:22","date_gmt":"2024-07-30T21:43:22","guid":{"rendered":"https:\/\/www.wyomingehdi.org\/factores-de-riesgo\/"},"modified":"2025-01-02T21:14:44","modified_gmt":"2025-01-02T21:14:44","slug":"factores-de-riesgo","status":"publish","type":"page","link":"https:\/\/www.wyomingehdi.org\/es\/descripcion-general-de-la-audicion-y-la-sordera\/factores-de-riesgo\/","title":{"rendered":"Factores de riesgo"},"content":{"rendered":"        <!-- Load general styles -->\n                <style>\n            \/*\n            * Classes used by blocks to hide content at device breakpoints.\n            *\/\n            .cgb-container-hide-phone {\n                display: none;\n            }\n\n            \/* Hide on tablet *\/\n            @media (min-width: 48.875rem) {\n                .cgb-container-hide-phone {\n                    display: flex;  \/* Restore from previous display: none; *\/\n                }\n                .cgb-container-hide-tablet {\n                    display: none;\n                }\n            }\n\n            \/* Hide on desktop *\/\n            @media (min-width: 64.000rem) {\n                .cgb-container-hide-phone {\n                    display: flex;  \/* Restore from previous display: none; *\/\n                }\n                .cgb-container-hide-tablet {\n                    display: flex;  \/* Restore from previous display: none; *\/\n                }\n                .cgb-container-hide-desktop {\n                    display: none;\n                }\n            }\n        <\/style>\n    \n        <!-- Load styles specific to this block instance on our page -->\n        <style>\n            \/*\n             * Set mobile and desktop styles.\n             *\/\n            .block_df615891440fa60c9834ac7c63490246 > .cgb-container-wrapper {\n                                box-sizing: border-box;\n                padding: 0 0 0;\n                margin: 0 0 0;\n                min-height: auto;\n                justify-content: flex-start;\n            }\n\n            @media (min-width: 48.875rem) {\n                .block_df615891440fa60c9834ac7c63490246 > .cgb-container-wrapper {\n                    padding: 5.000rem 2.500rem 2.500rem;\n                    margin: 0 0 0;\n                    min-height: auto;\n                }\n            }\n\n            \/*\n             * Background image override if needed.\n             * If the background image size is the actual image size ('auto') and the viewport becomes\n             * wider than the image then stretch the image to always fill the viewport. Otherwise, the\n             * image will not display full width in larger viewports. The section id ensures this is\n             * specific to THIS particular block instance.\n             *\/\n            \n            \/*\n             * Set values for direct descendant container. The container may contain\n             * other containers you know.\n             *\/\n            .block_df615891440fa60c9834ac7c63490246 > .cgb-container-wrapper > .cgb-container {\n                max-width: 55.000rem;\n            }\n        <\/style>\n\n        <section id=\"\"\n            class=\"cgb-container-block cgb-acf-block block_df615891440fa60c9834ac7c63490246 \">\n\n            <div class=\"cgb-container-wrapper\">\n\n                <div class=\"cgb-container\">\n                                        \n\n<h1 class=\"wp-block-heading\">Factores de riesgo<\/h1>\n\n\n\n<h2 class=\"wp-block-heading\" style=\"padding-top:0;padding-right:0;padding-bottom:0;padding-left:0\">Factores de riesgo generales<\/h2>\n\n\n\n<p>Los siguientes son factores de riesgo que a menudo se asocian con la p\u00e9rdida auditiva en lactantes y ni\u00f1os. Si se aplican uno o m\u00e1s de los siguientes elementos, su hijo puede estar en riesgo de p\u00e9rdida auditiva. Si tiene preguntas sobre cualquiera de estos factores de riesgo o cree que su hijo corre el riesgo de perder la audici\u00f3n, comun\u00edquese con el m\u00e9dico de su hijo, el Programa EHDI o su Centro de Desarrollo Infantil local para obtener m\u00e1s informaci\u00f3n y para que le hagan una prueba de audici\u00f3n a su hijo.<\/p>\n\n\n\n<ul class=\"wp-block-list\">\n<li>Antecedentes familiares de ni\u00f1os con p\u00e9rdida auditiva.<\/li>\n\n\n\n<li>La cabeza, la cara o las orejas pueden tener una forma diferente a la habitual.<\/li>\n\n\n\n<li>Lesi\u00f3n grave en la cabeza (que requiri\u00f3 atenci\u00f3n m\u00e9dica).<\/li>\n\n\n\n<li>Infecciones de o\u00eddo con l\u00edquido que duran m\u00e1s de cuatro meses.<\/li>\n\n\n\n<li>Pas\u00f3 48 horas o m\u00e1s en la Unidad de Cuidados Intensivos Neonatales (UCIN).<\/li>\n\n\n\n<li>Tiene un trastorno neurol\u00f3gico asociado con la p\u00e9rdida de audici\u00f3n. (Consulte con su proveedor de atenci\u00f3n m\u00e9dica).<\/li>\n\n\n\n<li>Haber estado expuesto a infecciones antes de nacer.<\/li>\n\n\n\n<li>Infecci\u00f3n alrededor del cerebro y la m\u00e9dula espinal causada por bacterias (meningitis bacteriana).<\/li>\n\n\n\n<li>Ictericia grave (hiperbilirrubinemia) en beb\u00e9s que necesitaron un procedimiento especial (exanguinotransfusi\u00f3n).<\/li>\n\n\n\n<li>Est\u00e1 preocupado por la audici\u00f3n de su hijo.<\/li>\n<\/ul>\n\n\n\n<h2 class=\"wp-block-heading\">Riesgos del ruido en la infancia<\/h2>\n\n\n\n<div class=\"wp-block-group is-layout-constrained wp-block-group-is-layout-constrained\">\n<p>Como padre\/cuidador, es importante hacer todo lo posible para mantener sanos los o\u00eddos de su hijo. Una forma de hacerlo es controlar los niveles de ruido a los que est\u00e1 expuesto su hijo.<\/p>\n\n\n\n<p>Incluso una breve exposici\u00f3n a sonidos fuertes puede provocar una p\u00e9rdida auditiva permanente.<\/p>\n\n\n\n<p>Si su hijo est\u00e1 expuesto a ruidos fuertes como estos, se deben usar dispositivos de protecci\u00f3n auditiva como tapones para los o\u00eddos.  <\/p>\n<\/div>\n\n\n\n<ul class=\"wp-block-list\">\n<li>Juguetes ruidosos<\/li>\n\n\n\n<li>Conciertos\/Eventos musicales<\/li>\n\n\n\n<li>Est\u00e9reos personales<\/li>\n\n\n\n<li>Eventos Deportivos<\/li>\n\n\n\n<li>Clase de banda<\/li>\n\n\n\n<li>Motos<\/li>\n\n\n\n<li>Clase de tienda<\/li>\n\n\n\n<li>Arcadas<\/li>\n\n\n\n<li>Maquinaria agr\u00edcola<\/li>\n\n\n\n<li>Armas<\/li>\n\n\n\n<li>Petardos\/Fuegos artificiales<\/li>\n<\/ul>\n\n\n                <\/div>\n\n            <\/div>\n\n        <\/section>\n\n    ","protected":false},"excerpt":{"rendered":"<p>Factores de riesgo Factores de riesgo generales Los siguientes son factores de riesgo que a menudo se asocian con la p\u00e9rdida auditiva en lactantes y ni\u00f1os. Si se aplican uno o m\u00e1s de los siguientes elementos, su hijo puede estar en riesgo de p\u00e9rdida auditiva. Si tiene preguntas sobre cualquiera de estos factores de riesgo&hellip;<\/p>\n","protected":false},"author":2,"featured_media":0,"parent":1773,"menu_order":0,"comment_status":"closed","ping_status":"closed","template":"","meta":{"_acf_changed":false,"_monsterinsights_skip_tracking":false,"_monsterinsights_sitenote_active":false,"_monsterinsights_sitenote_note":"","_monsterinsights_sitenote_category":0,"footnotes":""},"class_list":["post-1755","page","type-page","status-publish","hentry"],"acf":[],"yoast_head":"<!-- This site is optimized with the Yoast SEO plugin v27.4 - https:\/\/yoast.com\/product\/yoast-seo-wordpress\/ -->\n<title>Factores de riesgo - Wyoming EHDI<\/title>\n<meta name=\"robots\" content=\"index, follow, max-snippet:-1, max-image-preview:large, max-video-preview:-1\" \/>\n<link rel=\"canonical\" href=\"https:\/\/www.wyomingehdi.org\/es\/descripcion-general-de-la-audicion-y-la-sordera\/factores-de-riesgo\/\" \/>\n<meta property=\"og:locale\" content=\"es_ES\" \/>\n<meta property=\"og:type\" content=\"article\" \/>\n<meta property=\"og:title\" content=\"Factores de riesgo - Wyoming EHDI\" \/>\n<meta property=\"og:description\" content=\"Factores de riesgo Factores de riesgo generales Los siguientes son factores de riesgo que a menudo se asocian con la p\u00e9rdida auditiva en lactantes y ni\u00f1os. Si se aplican uno o m\u00e1s de los siguientes elementos, su hijo puede estar en riesgo de p\u00e9rdida auditiva. Si tiene preguntas sobre cualquiera de estos factores de riesgo&hellip;\" \/>\n<meta property=\"og:url\" content=\"https:\/\/www.wyomingehdi.org\/es\/descripcion-general-de-la-audicion-y-la-sordera\/factores-de-riesgo\/\" \/>\n<meta property=\"og:site_name\" content=\"Wyoming EHDI\" \/>\n<meta property=\"article:modified_time\" content=\"2025-01-02T21:14:44+00:00\" \/>\n<meta name=\"twitter:card\" content=\"summary_large_image\" \/>\n<meta name=\"twitter:label1\" content=\"Tiempo de lectura\" \/>\n\t<meta name=\"twitter:data1\" content=\"2 minutos\" \/>\n<script type=\"application\/ld+json\" class=\"yoast-schema-graph\">{\"@context\":\"https:\\\/\\\/schema.org\",\"@graph\":[{\"@type\":\"WebPage\",\"@id\":\"https:\\\/\\\/www.wyomingehdi.org\\\/es\\\/descripcion-general-de-la-audicion-y-la-sordera\\\/factores-de-riesgo\\\/\",\"url\":\"https:\\\/\\\/www.wyomingehdi.org\\\/es\\\/descripcion-general-de-la-audicion-y-la-sordera\\\/factores-de-riesgo\\\/\",\"name\":\"Factores de riesgo - Wyoming EHDI\",\"isPartOf\":{\"@id\":\"https:\\\/\\\/www.wyomingehdi.org\\\/es\\\/#website\"},\"datePublished\":\"2024-07-30T21:43:22+00:00\",\"dateModified\":\"2025-01-02T21:14:44+00:00\",\"breadcrumb\":{\"@id\":\"https:\\\/\\\/www.wyomingehdi.org\\\/es\\\/descripcion-general-de-la-audicion-y-la-sordera\\\/factores-de-riesgo\\\/#breadcrumb\"},\"inLanguage\":\"es\",\"potentialAction\":[{\"@type\":\"ReadAction\",\"target\":[\"https:\\\/\\\/www.wyomingehdi.org\\\/es\\\/descripcion-general-de-la-audicion-y-la-sordera\\\/factores-de-riesgo\\\/\"]}]},{\"@type\":\"BreadcrumbList\",\"@id\":\"https:\\\/\\\/www.wyomingehdi.org\\\/es\\\/descripcion-general-de-la-audicion-y-la-sordera\\\/factores-de-riesgo\\\/#breadcrumb\",\"itemListElement\":[{\"@type\":\"ListItem\",\"position\":1,\"name\":\"Home\",\"item\":\"https:\\\/\\\/www.wyomingehdi.org\\\/es\\\/\"},{\"@type\":\"ListItem\",\"position\":2,\"name\":\"Descripci\u00f3n general de la audici\u00f3n y la sordera\",\"item\":\"https:\\\/\\\/www.wyomingehdi.org\\\/es\\\/descripcion-general-de-la-audicion-y-la-sordera\\\/\"},{\"@type\":\"ListItem\",\"position\":3,\"name\":\"Factores de riesgo\"}]},{\"@type\":\"WebSite\",\"@id\":\"https:\\\/\\\/www.wyomingehdi.org\\\/es\\\/#website\",\"url\":\"https:\\\/\\\/www.wyomingehdi.org\\\/es\\\/\",\"name\":\"Wyoming EHDI\",\"description\":\"Wyoming Early Hearing Detection &amp; Intervention\",\"publisher\":{\"@id\":\"https:\\\/\\\/www.wyomingehdi.org\\\/es\\\/#organization\"},\"potentialAction\":[{\"@type\":\"SearchAction\",\"target\":{\"@type\":\"EntryPoint\",\"urlTemplate\":\"https:\\\/\\\/www.wyomingehdi.org\\\/es\\\/search\\\/{search_term_string}\"},\"query-input\":{\"@type\":\"PropertyValueSpecification\",\"valueRequired\":true,\"valueName\":\"search_term_string\"}}],\"inLanguage\":\"es\"},{\"@type\":\"Organization\",\"@id\":\"https:\\\/\\\/www.wyomingehdi.org\\\/es\\\/#organization\",\"name\":\"Wyoming EHDI\",\"url\":\"https:\\\/\\\/www.wyomingehdi.org\\\/es\\\/\",\"logo\":{\"@type\":\"ImageObject\",\"inLanguage\":\"es\",\"@id\":\"https:\\\/\\\/www.wyomingehdi.org\\\/es\\\/#\\\/schema\\\/logo\\\/image\\\/\",\"url\":\"https:\\\/\\\/www.wyomingehdi.org\\\/wp-content\\\/uploads\\\/2024\\\/07\\\/ehdi-wyoming-logo.svg\",\"contentUrl\":\"https:\\\/\\\/www.wyomingehdi.org\\\/wp-content\\\/uploads\\\/2024\\\/07\\\/ehdi-wyoming-logo.svg\",\"width\":241,\"height\":28,\"caption\":\"Wyoming EHDI\"},\"image\":{\"@id\":\"https:\\\/\\\/www.wyomingehdi.org\\\/es\\\/#\\\/schema\\\/logo\\\/image\\\/\"}}]}<\/script>\n<!-- \/ Yoast SEO plugin. -->","yoast_head_json":{"title":"Factores de riesgo - Wyoming EHDI","robots":{"index":"index","follow":"follow","max-snippet":"max-snippet:-1","max-image-preview":"max-image-preview:large","max-video-preview":"max-video-preview:-1"},"canonical":"https:\/\/www.wyomingehdi.org\/es\/descripcion-general-de-la-audicion-y-la-sordera\/factores-de-riesgo\/","og_locale":"es_ES","og_type":"article","og_title":"Factores de riesgo - Wyoming EHDI","og_description":"Factores de riesgo Factores de riesgo generales Los siguientes son factores de riesgo que a menudo se asocian con la p\u00e9rdida auditiva en lactantes y ni\u00f1os. Si se aplican uno o m\u00e1s de los siguientes elementos, su hijo puede estar en riesgo de p\u00e9rdida auditiva. Si tiene preguntas sobre cualquiera de estos factores de riesgo&hellip;","og_url":"https:\/\/www.wyomingehdi.org\/es\/descripcion-general-de-la-audicion-y-la-sordera\/factores-de-riesgo\/","og_site_name":"Wyoming EHDI","article_modified_time":"2025-01-02T21:14:44+00:00","twitter_card":"summary_large_image","twitter_misc":{"Tiempo de lectura":"2 minutos"},"schema":{"@context":"https:\/\/schema.org","@graph":[{"@type":"WebPage","@id":"https:\/\/www.wyomingehdi.org\/es\/descripcion-general-de-la-audicion-y-la-sordera\/factores-de-riesgo\/","url":"https:\/\/www.wyomingehdi.org\/es\/descripcion-general-de-la-audicion-y-la-sordera\/factores-de-riesgo\/","name":"Factores de riesgo - Wyoming EHDI","isPartOf":{"@id":"https:\/\/www.wyomingehdi.org\/es\/#website"},"datePublished":"2024-07-30T21:43:22+00:00","dateModified":"2025-01-02T21:14:44+00:00","breadcrumb":{"@id":"https:\/\/www.wyomingehdi.org\/es\/descripcion-general-de-la-audicion-y-la-sordera\/factores-de-riesgo\/#breadcrumb"},"inLanguage":"es","potentialAction":[{"@type":"ReadAction","target":["https:\/\/www.wyomingehdi.org\/es\/descripcion-general-de-la-audicion-y-la-sordera\/factores-de-riesgo\/"]}]},{"@type":"BreadcrumbList","@id":"https:\/\/www.wyomingehdi.org\/es\/descripcion-general-de-la-audicion-y-la-sordera\/factores-de-riesgo\/#breadcrumb","itemListElement":[{"@type":"ListItem","position":1,"name":"Home","item":"https:\/\/www.wyomingehdi.org\/es\/"},{"@type":"ListItem","position":2,"name":"Descripci\u00f3n general de la audici\u00f3n y la sordera","item":"https:\/\/www.wyomingehdi.org\/es\/descripcion-general-de-la-audicion-y-la-sordera\/"},{"@type":"ListItem","position":3,"name":"Factores de riesgo"}]},{"@type":"WebSite","@id":"https:\/\/www.wyomingehdi.org\/es\/#website","url":"https:\/\/www.wyomingehdi.org\/es\/","name":"Wyoming EHDI","description":"Wyoming Early Hearing Detection &amp; Intervention","publisher":{"@id":"https:\/\/www.wyomingehdi.org\/es\/#organization"},"potentialAction":[{"@type":"SearchAction","target":{"@type":"EntryPoint","urlTemplate":"https:\/\/www.wyomingehdi.org\/es\/search\/{search_term_string}"},"query-input":{"@type":"PropertyValueSpecification","valueRequired":true,"valueName":"search_term_string"}}],"inLanguage":"es"},{"@type":"Organization","@id":"https:\/\/www.wyomingehdi.org\/es\/#organization","name":"Wyoming EHDI","url":"https:\/\/www.wyomingehdi.org\/es\/","logo":{"@type":"ImageObject","inLanguage":"es","@id":"https:\/\/www.wyomingehdi.org\/es\/#\/schema\/logo\/image\/","url":"https:\/\/www.wyomingehdi.org\/wp-content\/uploads\/2024\/07\/ehdi-wyoming-logo.svg","contentUrl":"https:\/\/www.wyomingehdi.org\/wp-content\/uploads\/2024\/07\/ehdi-wyoming-logo.svg","width":241,"height":28,"caption":"Wyoming EHDI"},"image":{"@id":"https:\/\/www.wyomingehdi.org\/es\/#\/schema\/logo\/image\/"}}]}},"_links":{"self":[{"href":"https:\/\/www.wyomingehdi.org\/es\/wp-json\/wp\/v2\/pages\/1755","targetHints":{"allow":["GET"]}}],"collection":[{"href":"https:\/\/www.wyomingehdi.org\/es\/wp-json\/wp\/v2\/pages"}],"about":[{"href":"https:\/\/www.wyomingehdi.org\/es\/wp-json\/wp\/v2\/types\/page"}],"author":[{"embeddable":true,"href":"https:\/\/www.wyomingehdi.org\/es\/wp-json\/wp\/v2\/users\/2"}],"replies":[{"embeddable":true,"href":"https:\/\/www.wyomingehdi.org\/es\/wp-json\/wp\/v2\/comments?post=1755"}],"version-history":[{"count":0,"href":"https:\/\/www.wyomingehdi.org\/es\/wp-json\/wp\/v2\/pages\/1755\/revisions"}],"up":[{"embeddable":true,"href":"https:\/\/www.wyomingehdi.org\/es\/wp-json\/wp\/v2\/pages\/1773"}],"wp:attachment":[{"href":"https:\/\/www.wyomingehdi.org\/es\/wp-json\/wp\/v2\/media?parent=1755"}],"curies":[{"name":"wp","href":"https:\/\/api.w.org\/{rel}","templated":true}]}}