{"id":1756,"date":"2024-07-30T21:42:44","date_gmt":"2024-07-30T21:42:44","guid":{"rendered":"https:\/\/www.wyomingehdi.org\/etapas-de-desarrollo-de-la-audicion\/"},"modified":"2025-01-02T21:14:02","modified_gmt":"2025-01-02T21:14:02","slug":"etapas-de-desarrollo-de-la-audicion","status":"publish","type":"page","link":"https:\/\/www.wyomingehdi.org\/es\/descripcion-general-de-la-audicion-y-la-sordera\/etapas-de-desarrollo-de-la-audicion\/","title":{"rendered":"Etapas de desarrollo de la audici\u00f3n"},"content":{"rendered":"        <!-- Load general styles -->\n                <style>\n            \/*\n            * Classes used by blocks to hide content at device breakpoints.\n            *\/\n            .cgb-container-hide-phone {\n                display: none;\n            }\n\n            \/* Hide on tablet *\/\n            @media (min-width: 48.875rem) {\n                .cgb-container-hide-phone {\n                    display: flex;  \/* Restore from previous display: none; *\/\n                }\n                .cgb-container-hide-tablet {\n                    display: none;\n                }\n            }\n\n            \/* Hide on desktop *\/\n            @media (min-width: 64.000rem) {\n                .cgb-container-hide-phone {\n                    display: flex;  \/* Restore from previous display: none; *\/\n                }\n                .cgb-container-hide-tablet {\n                    display: flex;  \/* Restore from previous display: none; *\/\n                }\n                .cgb-container-hide-desktop {\n                    display: none;\n                }\n            }\n        <\/style>\n    \n        <!-- Load styles specific to this block instance on our page -->\n        <style>\n            \/*\n             * Set mobile and desktop styles.\n             *\/\n            .block_a3fa0be18488e916a1673de5a55ef7b1 > .cgb-container-wrapper {\n                                box-sizing: border-box;\n                padding: 0 0 0;\n                margin: 0 0 0;\n                min-height: auto;\n                justify-content: flex-start;\n            }\n\n            @media (min-width: 48.875rem) {\n                .block_a3fa0be18488e916a1673de5a55ef7b1 > .cgb-container-wrapper {\n                    padding: 5.000rem 2.500rem 2.500rem;\n                    margin: 0 0 0;\n                    min-height: auto;\n                }\n            }\n\n            \/*\n             * Background image override if needed.\n             * If the background image size is the actual image size ('auto') and the viewport becomes\n             * wider than the image then stretch the image to always fill the viewport. Otherwise, the\n             * image will not display full width in larger viewports. The section id ensures this is\n             * specific to THIS particular block instance.\n             *\/\n            \n            \/*\n             * Set values for direct descendant container. The container may contain\n             * other containers you know.\n             *\/\n            .block_a3fa0be18488e916a1673de5a55ef7b1 > .cgb-container-wrapper > .cgb-container {\n                max-width: 55.000rem;\n            }\n        <\/style>\n\n        <section id=\"\"\n            class=\"cgb-container-block cgb-acf-block block_a3fa0be18488e916a1673de5a55ef7b1 \">\n\n            <div class=\"cgb-container-wrapper\">\n\n                <div class=\"cgb-container\">\n                                        \n\n<p class=\"wp-block-heading has-pre-heading-font-size\">Chequeo<\/p>\n\n\n\n<h1 class=\"wp-block-heading\">Etapas de desarrollo de la audici\u00f3n<\/h1>\n\n\n\n<h2 class=\"wp-block-heading\">Etapas de desarrollo de la audici\u00f3n<\/h2>\n\n\n\n<p>La siguiente es una lista de algunas cosas que un beb\u00e9 con audici\u00f3n normal deber\u00eda ser capaz de hacer:<\/p>\n\n\n        <section id=\"\"\n            class=\"cgb-accordion-block cgb-acf-block block_001c7e2595c581b52cafc5ccd865d84c  cgb-icono-intercalaci\u00f3n\">\n            <div class=\"cgb-accordion\">\n                \n        <h3 class=\"cgb-heading\">\n            <button class=\"cgb-button\"\n                id=\"cgb-ed2a145c543465ecea14\"\n                aria-controls=\"cgb-0ff94fbf5686ec5d4091\"\n                aria-expanded=\"false\">\n                <span class=\"cgb-label\">Desde el nacimiento hasta los 3 meses de edad:<\/span>\n            <\/button>\n        <\/h3>\n        <div class=\"cgb-content \"\n            id=\"cgb-0ff94fbf5686ec5d4091\"\n            aria-labelledby=\"cgb-ed2a145c543465ecea14\"\n            role=\"region\">\n            \n\n<p>Parpadea o salta cuando hay un ruido fuerte y repentino<\/p>\n\n\n\n<p>Se calla o sonr\u00ede cuando se le habla.<\/p>\n\n\n\n<p>Hace sonidos como \u00aboh\u00bb y \u00abahh\u00bb<\/p>\n\n\n        <\/div>\n\n\n        <h3 class=\"cgb-heading\">\n            <button class=\"cgb-button\"\n                id=\"cgb-016bbe43d81ad3bebac0\"\n                aria-controls=\"cgb-642a6643ac342b3e0c4a\"\n                aria-expanded=\"false\">\n                <span class=\"cgb-label\">De 6 a 9 meses de edad:<\/span>\n            <\/button>\n        <\/h3>\n        <div class=\"cgb-content \"\n            id=\"cgb-642a6643ac342b3e0c4a\"\n            aria-labelledby=\"cgb-016bbe43d81ad3bebac0\"\n            role=\"region\">\n            \n\n<p>Gira la cabeza hacia los sonidos fuertes<\/p>\n\n\n\n<p>Entiende \u00abno-no\u00bb o \u00abadi\u00f3s\u00bb<\/p>\n\n\n\n<p>Balbuceos, por ejemplo \u00abba-ba\u00bb, \u00abma-ma\u00bb y \u00abga-ga\u00bb<\/p>\n\n\n        <\/div>\n\n\n        <h3 class=\"cgb-heading\">\n            <button class=\"cgb-button\"\n                id=\"cgb-d6bcc085cb549e1ede93\"\n                aria-controls=\"cgb-7fa5054399b077b2db09\"\n                aria-expanded=\"false\">\n                <span class=\"cgb-label\">De 9 a 12 meses de edad:<\/span>\n            <\/button>\n        <\/h3>\n        <div class=\"cgb-content \"\n            id=\"cgb-7fa5054399b077b2db09\"\n            aria-labelledby=\"cgb-d6bcc085cb549e1ede93\"\n            role=\"region\">\n            \n\n<p>Repite palabras simples y sonidos que haces<\/p>\n\n\n\n<p>Utiliza correctamente \u00abma-ma\u00bb o \u00abda-da\u00bb<\/p>\n\n\n\n<p>Responde al canto o a la m\u00fasica<\/p>\n\n\n\n<p>Se\u00f1ala sus juguetes y objetos favoritos cuando se le pregunta.<\/p>\n\n\n        <\/div>\n\n\n            <\/div>\n        <\/section>\n    \n\n                <\/div>\n\n            <\/div>\n\n        <\/section>\n\n    \n\n\n<div style=\"height:44px\" aria-hidden=\"true\" class=\"wp-block-spacer\"><\/div>\n\n\n        <!-- Load general styles -->\n                <style>\n            \/*\n            * Classes used by blocks to hide content at device breakpoints.\n            *\/\n            .cgb-container-hide-phone {\n                display: none;\n            }\n\n            \/* Hide on tablet *\/\n            @media (min-width: 48.875rem) {\n                .cgb-container-hide-phone {\n                    display: flex;  \/* Restore from previous display: none; *\/\n                }\n                .cgb-container-hide-tablet {\n                    display: none;\n                }\n            }\n\n            \/* Hide on desktop *\/\n            @media (min-width: 64.000rem) {\n                .cgb-container-hide-phone {\n                    display: flex;  \/* Restore from previous display: none; *\/\n                }\n                .cgb-container-hide-tablet {\n                    display: flex;  \/* Restore from previous display: none; *\/\n                }\n                .cgb-container-hide-desktop {\n                    display: none;\n                }\n            }\n        <\/style>\n    \n        <!-- Load styles specific to this block instance on our page -->\n        <style>\n            \/*\n             * Set mobile and desktop styles.\n             *\/\n            .block_4edd9d2cbc444a94e382e3601b8ad3e8 > .cgb-container-wrapper {\n                background: #c6eadf !important;                box-sizing: border-box;\n                padding: 1.875rem 0 0;\n                margin: 0 0 0;\n                min-height: auto;\n                justify-content: center;\n            }\n\n            @media (min-width: 48.875rem) {\n                .block_4edd9d2cbc444a94e382e3601b8ad3e8 > .cgb-container-wrapper {\n                    padding: 2.500rem 0 0;\n                    margin: 0 0 0;\n                    min-height: auto;\n                }\n            }\n\n            \/*\n             * Background image override if needed.\n             * If the background image size is the actual image size ('auto') and the viewport becomes\n             * wider than the image then stretch the image to always fill the viewport. Otherwise, the\n             * image will not display full width in larger viewports. The section id ensures this is\n             * specific to THIS particular block instance.\n             *\/\n            \n            \/*\n             * Set values for direct descendant container. The container may contain\n             * other containers you know.\n             *\/\n            .block_4edd9d2cbc444a94e382e3601b8ad3e8 > .cgb-container-wrapper > .cgb-container {\n                max-width: 100%;\n            }\n        <\/style>\n\n        <section id=\"tertiary-menu\"\n            class=\"cgb-container-block cgb-acf-block block_4edd9d2cbc444a94e382e3601b8ad3e8 \">\n\n            <div class=\"cgb-container-wrapper\">\n\n                <div class=\"cgb-container\">\n                                        \n\n<h2 class=\"wp-block-heading has-h-four-font-size\" id=\"online-courses\">Sigue explorando este tema<\/h2>\n\n\n        <nav id='id_29' class=\"cg-navigation  cg-block-navigation__keep-exploring-menu full-screen cg-nav-desktop keep-exploring wp-elements-227457a03269586724234556edc1ce48\" aria-label='Keep exploring menu'>\n                        <div id='id_29-modal' class=\"cg-block-navigation__responsive-container cg-nav-animated-container cg-block-navigation__container is-modal\">\n                <ul \n                    class=\"cg-block-navigation__container cg-nav-group style-as-list cg-flow-column has-background has-white-background-color has-text-color has-body-color\" style='flex-direction:column;padding-top:2px;padding-bottom:0px;margin-top:0;margin-bottom:0;row-gap:2px;line-height:1;' \n                    orientation='vertical' \n                    >\n                    \n        <li id='id_7' class='cg-nav-group cg-nav-menuitem style-as-list-item cg-nav-group__recien-nacidos  cg-parent-flow-column' style='' >\n                        <ul id='id_7-list' class=\"cg-block-navigation__group-container cg-block-navigation__container style-as-list cg-flow-column \"  orientation='vertical' style='flex-direction:column;justify-content:space-between;padding-top:0;padding-right:0;padding-bottom:0;padding-left:0;'>\n                \n        <li id='id_1' class='cg-page-link cg-nav-menuitem cg-block-navigation-item style-as-list-item has-background has-color-background-background-color cg-parent-flow-column' style='padding-top:1.75rem;padding-right:1.75rem;padding-bottom:1.75rem;padding-left:1.75rem;line-height:1;' >\n            <a class='link cg-block-navigation-item__content ' style='' href='https:\/\/www.wyomingehdi.org\/es\/recien-nacido\/' tabindex=\"0\"  >\n                <span class='cg-block-navigation-item__label'>Reci\u00e9n nacidos<\/span>\n                \n            <\/a>\n        <\/li>\n        \n\n        <li id='id_2' class='cg-page-link cg-nav-menuitem cg-block-navigation-item style-as-list-item has-background has-color-background-background-color cg-parent-flow-column' style='padding-top:1.75rem;padding-right:1.75rem;padding-bottom:1.75rem;padding-left:2.75rem;line-height:1;' >\n            <a class='link cg-block-navigation-item__content ' style='' href='https:\/\/www.wyomingehdi.org\/es\/recien-nacido\/examenes-de-audicion-para-recien-nacidos\/' tabindex=\"0\"  >\n                <span class='cg-block-navigation-item__label'>Ex\u00e1menes de audici\u00f3n para reci\u00e9n nacidos<\/span>\n                \n            <\/a>\n        <\/li>\n        \n\n        <li id='id_3' class='cg-page-link cg-nav-menuitem cg-block-navigation-item style-as-list-item has-background has-color-background-background-color cg-parent-flow-column' style='padding-top:1.75rem;padding-right:1.75rem;padding-bottom:1.75rem;padding-left:2.75rem;line-height:1;' >\n            <a class='link cg-block-navigation-item__content ' style='' href='https:\/\/www.wyomingehdi.org\/es\/hospitales-de-maternidad\/' tabindex=\"0\"  >\n                <span class='cg-block-navigation-item__label'>Directorio de Hospitales de Maternidad<\/span>\n                \n            <\/a>\n        <\/li>\n        \n\n        <li id='id_4' class='cg-page-link cg-nav-menuitem cg-block-navigation-item style-as-list-item has-background has-color-background-background-color cg-parent-flow-column' style='padding-top:1.75rem;padding-right:1.75rem;padding-bottom:1.75rem;padding-left:2.75rem;line-height:1;' >\n            <a class='link cg-block-navigation-item__content ' style='' href='https:\/\/www.wyomingehdi.org\/es\/recursos-para-hospitales\/' tabindex=\"0\"  >\n                <span class='cg-block-navigation-item__label'>Recursos para hospitales<\/span>\n                \n            <\/a>\n        <\/li>\n        \n\n        <li id='id_5' class='cg-page-link cg-nav-menuitem cg-block-navigation-item style-as-list-item has-background has-color-background-background-color cg-parent-flow-column' style='padding-top:1.75rem;padding-right:1.75rem;padding-bottom:1.75rem;padding-left:2.75rem;line-height:1;' >\n            <a class='link cg-block-navigation-item__content ' style='' href='https:\/\/www.wyomingehdi.org\/es\/recursos-para-parteras\/' tabindex=\"0\"  >\n                <span class='cg-block-navigation-item__label'>Recursos para parteras<\/span>\n                \n            <\/a>\n        <\/li>\n        \n\n        <li id='id_6' class='cg-page-link cg-nav-menuitem cg-block-navigation-item style-as-list-item has-background has-color-background-background-color cg-parent-flow-column' style='padding-top:1.75rem;padding-right:1.75rem;padding-bottom:1.75rem;padding-left:2.75rem;line-height:1;' >\n            <a class='link cg-block-navigation-item__content ' style='' href='https:\/\/www.wyomingehdi.org\/es\/preguntas-frecuentes-sobre-las-pruebas-de-audicion-para-recien-nacidos\/' tabindex=\"0\"  >\n                <span class='cg-block-navigation-item__label'>Preguntas frecuentes sobre las pruebas de audici\u00f3n para reci\u00e9n nacidos<\/span>\n                \n            <\/a>\n        <\/li>\n        \n\n            <\/ul>\n        <\/li>\n        \n\n        <li id='id_10' class='cg-nav-group cg-nav-menuitem style-as-list-item cg-nav-group__primera-infancia  cg-parent-flow-column' style='' >\n                        <ul id='id_10-list' class=\"cg-block-navigation__group-container cg-block-navigation__container style-as-list cg-flow-column \"  orientation='vertical' style='flex-direction:column;justify-content:space-between;padding-top:0;padding-right:0;padding-bottom:0;padding-left:0;'>\n                \n        <li id='id_8' class='cg-page-link cg-nav-menuitem cg-block-navigation-item style-as-list-item has-background has-color-background-background-color cg-parent-flow-column' style='padding-top:1.75rem;padding-right:1.75rem;padding-bottom:1.75rem;padding-left:1.75rem;line-height:1;' >\n            <a class='link cg-block-navigation-item__content ' style='' href='https:\/\/www.wyomingehdi.org\/es\/primera-infancia\/' tabindex=\"0\"  >\n                <span class='cg-block-navigation-item__label'>Primera infancia<\/span>\n                \n            <\/a>\n        <\/li>\n        \n\n        <li id='id_9' class='cg-page-link cg-nav-menuitem cg-block-navigation-item style-as-list-item has-background has-color-background-background-color cg-parent-flow-column' style='padding-top:1.75rem;padding-right:1.75rem;padding-bottom:1.75rem;padding-left:2.75rem;line-height:1;' >\n            <a class='link cg-block-navigation-item__content ' style='' href='https:\/\/www.wyomingehdi.org\/es\/resumen-de-la-formacion\/capacitaciones-de-ehdi-is\/' tabindex=\"0\"  >\n                <span class='cg-block-navigation-item__label'>Capacitaciones de EHDI-IS<\/span>\n                \n            <\/a>\n        <\/li>\n        \n\n            <\/ul>\n        <\/li>\n        \n\n        <li id='id_14' class='cg-nav-group cg-nav-menuitem style-as-list-item cg-nav-group__capacitacion-en-linea  cg-parent-flow-column' style='' >\n                        <ul id='id_14-list' class=\"cg-block-navigation__group-container cg-block-navigation__container style-as-list cg-flow-column \"  orientation='vertical' style='flex-direction:column;justify-content:space-between;padding-top:0;padding-right:0;padding-bottom:0;padding-left:0;'>\n                \n        <li id='id_11' class='cg-page-link cg-nav-menuitem cg-block-navigation-item style-as-list-item has-background has-color-background-background-color cg-parent-flow-column' style='padding-top:1.75rem;padding-right:1.75rem;padding-bottom:1.75rem;padding-left:1.75rem;line-height:1;' >\n            <a class='link cg-block-navigation-item__content ' style='' href='https:\/\/www.wyomingehdi.org\/es\/resumen-de-la-formacion\/capacitacion-en-linea\/' tabindex=\"0\"  >\n                <span class='cg-block-navigation-item__label'>Capacitaci\u00f3n en l\u00ednea<\/span>\n                \n            <\/a>\n        <\/li>\n        \n\n        <li id='id_12' class='cg-page-link cg-nav-menuitem cg-block-navigation-item style-as-list-item has-background has-color-background-background-color cg-parent-flow-column' style='padding-top:1.75rem;padding-right:1.75rem;padding-bottom:1.75rem;padding-left:2.75rem;line-height:1;' >\n            <a class='link cg-block-navigation-item__content ' style='' href='https:\/\/www.wyomingehdi.org\/es\/resumen-de-la-formacion\/capacitacion-en-linea\/otoscopia\/' tabindex=\"0\"  >\n                <span class='cg-block-navigation-item__label'>Otoscopia<\/span>\n                \n            <\/a>\n        <\/li>\n        \n\n        <li id='id_13' class='cg-page-link cg-nav-menuitem cg-block-navigation-item style-as-list-item has-background has-color-background-background-color cg-parent-flow-column' style='padding-top:1.75rem;padding-right:1.75rem;padding-bottom:1.75rem;padding-left:2.75rem;line-height:1;' >\n            <a class='link cg-block-navigation-item__content ' style='' href='https:\/\/www.wyomingehdi.org\/es\/resumen-de-la-formacion\/capacitacion-en-linea\/entrenamiento-de-immitancia\/' tabindex=\"0\"  >\n                <span class='cg-block-navigation-item__label'>Entrenamiento de Immitancia<\/span>\n                \n            <\/a>\n        <\/li>\n        \n\n            <\/ul>\n        <\/li>\n        \n\n        <li id='id_17' class='cg-nav-group cg-nav-menuitem style-as-list-item cg-nav-group__entrenamientos-weii  cg-parent-flow-column' style='' >\n                        <ul id='id_17-list' class=\"cg-block-navigation__group-container cg-block-navigation__container style-as-list cg-flow-column \"  orientation='vertical' style='flex-direction:column;justify-content:space-between;padding-top:0;padding-right:0;padding-bottom:0;padding-left:0;line-height:1.5;'>\n                \n        <li id='id_15' class='cg-page-link cg-nav-menuitem cg-block-navigation-item style-as-list-item has-background has-color-background-background-color cg-parent-flow-column' style='padding-top:1.75rem;padding-right:1.75rem;padding-bottom:1.75rem;padding-left:1.75rem;line-height:1;' >\n            <a class='link cg-block-navigation-item__content ' style='' href='https:\/\/www.wyomingehdi.org\/es\/iniciativa-de-intervencion-temprana-de-wyoming-weii\/entrenamientos-weii\/' tabindex=\"0\"  >\n                <span class='cg-block-navigation-item__label'>Entrenamientos WEII<\/span>\n                \n            <\/a>\n        <\/li>\n        \n\n        <li id='id_16' class='cg-page-link cg-nav-menuitem cg-block-navigation-item style-as-list-item has-background has-color-background-background-color cg-parent-flow-column' style='padding-top:1.75rem;padding-right:1.75rem;padding-bottom:1.75rem;padding-left:2.75rem;line-height:1;' >\n            <a class='link cg-block-navigation-item__content ' style='' href='https:\/\/www.wyomingehdi.org\/es\/resumen-de-la-formacion\/capacitacion-en-linea\/' tabindex=\"0\"  >\n                <span class='cg-block-navigation-item__label'>Capacitaci\u00f3n en l\u00ednea<\/span>\n                \n            <\/a>\n        <\/li>\n        \n\n            <\/ul>\n        <\/li>\n        \n\n        <li id='id_19' class='cg-nav-group cg-nav-menuitem style-as-list-item cg-nav-group__tipos-de-perdida-auditiva  cg-parent-flow-column' style='' >\n                        <ul id='id_19-list' class=\"cg-block-navigation__group-container cg-block-navigation__container style-as-list cg-flow-column \"  orientation='vertical' style='flex-direction:column;justify-content:space-between;padding-top:0;padding-right:0;padding-bottom:0;padding-left:0;line-height:1.5;'>\n                \n        <li id='id_18' class='cg-page-link cg-nav-menuitem cg-block-navigation-item style-as-list-item has-background has-color-background-background-color cg-parent-flow-column' style='padding-top:1.75rem;padding-right:1.75rem;padding-bottom:1.75rem;padding-left:1.75rem;line-height:1;' >\n            <a class='link cg-block-navigation-item__content ' style='' href='https:\/\/www.wyomingehdi.org\/es\/descripcion-general-de-la-audicion-y-la-sordera\/tipos-de-perdida-auditiva\/' tabindex=\"0\"  >\n                <span class='cg-block-navigation-item__label'>Tipos de p\u00e9rdida auditiva<\/span>\n                \n            <\/a>\n        <\/li>\n        \n\n            <\/ul>\n        <\/li>\n        \n\n        <li id='id_22' class='cg-nav-group cg-nav-menuitem style-as-list-item cg-nav-group__recursos-para-las-familias  cg-parent-flow-column' style='' >\n                        <ul id='id_22-list' class=\"cg-block-navigation__group-container cg-block-navigation__container style-as-list cg-flow-column \"  orientation='vertical' style='flex-direction:column;justify-content:space-between;padding-top:0;padding-right:0;padding-bottom:0;padding-left:0;'>\n                \n        <li id='id_20' class='cg-page-link cg-nav-menuitem cg-block-navigation-item style-as-list-item has-background has-color-background-background-color cg-parent-flow-column' style='padding-top:1.75rem;padding-right:1.75rem;padding-bottom:1.75rem;padding-left:1.75rem;' >\n            <a class='link cg-block-navigation-item__content ' style='' href='https:\/\/www.wyomingehdi.org\/es\/recursos-para-las-familias\/' tabindex=\"0\"  >\n                <span class='cg-block-navigation-item__label'>Recursos para las familias<\/span>\n                \n            <\/a>\n        <\/li>\n        \n\n        <li id='id_21' class='cg-page-link cg-nav-menuitem cg-block-navigation-item style-as-list-item has-background has-color-background-background-color cg-parent-flow-column' style='padding-top:1.75rem;padding-right:1.75rem;padding-bottom:1.75rem;padding-left:2.75rem;' >\n            <a class='link cg-block-navigation-item__content ' style='' href='https:\/\/www.cdc.gov\/ncbddd\/Spanish\/actearly\/milestones\/index.html' tabindex=\"0\"  >\n                <span class='cg-block-navigation-item__label'>Hitos del desarrollo de los CDC<\/span>\n                \n            <\/a>\n        <\/li>\n        \n\n            <\/ul>\n        <\/li>\n        \n\n        <li id='id_25' class='cg-nav-group cg-nav-menuitem style-as-list-item cg-nav-group__que-causa-la-perdida-de-audicion  cg-parent-flow-column' style='' >\n                        <ul id='id_25-list' class=\"cg-block-navigation__group-container cg-block-navigation__container style-as-list cg-flow-column \"  orientation='vertical' style='flex-direction:column;justify-content:space-between;padding-top:0;padding-right:0;padding-bottom:0;padding-left:0;'>\n                \n        <li id='id_23' class='cg-page-link cg-nav-menuitem cg-block-navigation-item style-as-list-item has-background has-color-background-background-color cg-parent-flow-column' style='padding-top:1.75rem;padding-right:1.75rem;padding-bottom:1.75rem;padding-left:1.75rem;' >\n            <a class='link cg-block-navigation-item__content ' style='' href='https:\/\/www.wyomingehdi.org\/es\/descripcion-general-de-la-audicion-y-la-sordera\/que-causa-la-perdida-de-audicion\/' tabindex=\"0\"  >\n                <span class='cg-block-navigation-item__label'>\u00bfQu\u00e9 causa la p\u00e9rdida de audici\u00f3n?<\/span>\n                \n            <\/a>\n        <\/li>\n        \n\n        <li id='id_24' class='cg-page-link cg-nav-menuitem cg-block-navigation-item style-as-list-item has-background has-color-background-background-color cg-parent-flow-column' style='padding-top:1.75rem;padding-right:1.75rem;padding-bottom:1.75rem;padding-left:2rem;' >\n            <a class='link cg-block-navigation-item__content ' style='' href='https:\/\/www.audiology.org\/' tabindex=\"0\"  >\n                <span class='cg-block-navigation-item__label'>American Academy of Audiology<\/span>\n                \n            <\/a>\n        <\/li>\n        \n\n            <\/ul>\n        <\/li>\n        \n\n        <li id='id_28' class='cg-nav-group cg-nav-menuitem style-as-list-item cg-nav-group__etapas-de-desarrollo-de-la-audicion  cg-parent-flow-column' style='' >\n                        <ul id='id_28-list' class=\"cg-block-navigation__group-container cg-block-navigation__container style-as-list cg-flow-column \"  orientation='vertical' style='flex-direction:column;justify-content:space-between;padding-top:0;padding-right:0;padding-bottom:0;padding-left:0;'>\n                \n        <li id='id_26' class='cg-page-link cg-nav-menuitem cg-block-navigation-item style-as-list-item has-background has-color-background-background-color cg-parent-flow-column' style='padding-top:1.75rem;padding-right:2px;padding-bottom:1.75rem;padding-left:2px;' >\n            <a class='link cg-block-navigation-item__content ' style='' href='https:\/\/www.wyomingehdi.org\/es\/descripcion-general-de-la-audicion-y-la-sordera\/etapas-de-desarrollo-de-la-audicion\/' tabindex=\"0\"  >\n                <span class='cg-block-navigation-item__label'>Etapas de desarrollo de la audici\u00f3n<\/span>\n                \n            <\/a>\n        <\/li>\n        \n\n        <li id='id_27' class='cg-page-link cg-nav-menuitem cg-block-navigation-item style-as-list-item has-background has-color-background-background-color cg-parent-flow-column' style='padding-top:1.75rem;padding-right:1.75rem;padding-bottom:1.75rem;padding-left:2rem;' >\n            <a class='link cg-block-navigation-item__content ' style='' href='https:\/\/www.wyomingehdi.org\/es\/descripcion-general-de-la-audicion-y-la-sordera\/datos-sobre-la-audicion-y-la-sordera\/' tabindex=\"0\"  >\n                <span class='cg-block-navigation-item__label'>Datos sobre la audici\u00f3n y la sordera<\/span>\n                \n            <\/a>\n        <\/li>\n        \n\n            <\/ul>\n        <\/li>\n        \n\n                <\/ul>\n            <\/div>\n        <\/nav>\n        \n\n                <\/div>\n\n            <\/div>\n\n        <\/section>\n\n    ","protected":false},"excerpt":{"rendered":"<p>Chequeo Etapas de desarrollo de la audici\u00f3n Etapas de desarrollo de la audici\u00f3n La siguiente es una lista de algunas cosas que un beb\u00e9 con audici\u00f3n normal deber\u00eda ser capaz de hacer: Parpadea o salta cuando hay un ruido fuerte y repentino Se calla o sonr\u00ede cuando se le habla. Hace sonidos como \u00aboh\u00bb y&hellip;<\/p>\n","protected":false},"author":2,"featured_media":0,"parent":1773,"menu_order":0,"comment_status":"closed","ping_status":"closed","template":"","meta":{"_acf_changed":true,"_monsterinsights_skip_tracking":false,"_monsterinsights_sitenote_active":false,"_monsterinsights_sitenote_note":"","_monsterinsights_sitenote_category":0,"footnotes":""},"class_list":["post-1756","page","type-page","status-publish","hentry"],"acf":[],"yoast_head":"<!-- This site is optimized with the Yoast SEO plugin v27.4 - https:\/\/yoast.com\/product\/yoast-seo-wordpress\/ -->\n<title>Etapas de desarrollo de la audici\u00f3n - Wyoming EHDI<\/title>\n<meta name=\"robots\" content=\"index, follow, max-snippet:-1, max-image-preview:large, max-video-preview:-1\" \/>\n<link rel=\"canonical\" href=\"https:\/\/www.wyomingehdi.org\/es\/descripcion-general-de-la-audicion-y-la-sordera\/etapas-de-desarrollo-de-la-audicion\/\" \/>\n<meta property=\"og:locale\" content=\"es_ES\" \/>\n<meta property=\"og:type\" content=\"article\" \/>\n<meta property=\"og:title\" content=\"Etapas de desarrollo de la audici\u00f3n - Wyoming EHDI\" \/>\n<meta property=\"og:description\" content=\"Chequeo Etapas de desarrollo de la audici\u00f3n Etapas de desarrollo de la audici\u00f3n La siguiente es una lista de algunas cosas que un beb\u00e9 con audici\u00f3n normal deber\u00eda ser capaz de hacer: Parpadea o salta cuando hay un ruido fuerte y repentino Se calla o sonr\u00ede cuando se le habla. Hace sonidos como \u00aboh\u00bb y&hellip;\" \/>\n<meta property=\"og:url\" content=\"https:\/\/www.wyomingehdi.org\/es\/descripcion-general-de-la-audicion-y-la-sordera\/etapas-de-desarrollo-de-la-audicion\/\" \/>\n<meta property=\"og:site_name\" content=\"Wyoming EHDI\" \/>\n<meta property=\"article:modified_time\" content=\"2025-01-02T21:14:02+00:00\" \/>\n<meta name=\"twitter:card\" content=\"summary_large_image\" \/>\n<meta name=\"twitter:label1\" content=\"Tiempo de lectura\" \/>\n\t<meta name=\"twitter:data1\" content=\"1 minuto\" \/>\n<script type=\"application\/ld+json\" class=\"yoast-schema-graph\">{\"@context\":\"https:\\\/\\\/schema.org\",\"@graph\":[{\"@type\":\"WebPage\",\"@id\":\"https:\\\/\\\/www.wyomingehdi.org\\\/es\\\/descripcion-general-de-la-audicion-y-la-sordera\\\/etapas-de-desarrollo-de-la-audicion\\\/\",\"url\":\"https:\\\/\\\/www.wyomingehdi.org\\\/es\\\/descripcion-general-de-la-audicion-y-la-sordera\\\/etapas-de-desarrollo-de-la-audicion\\\/\",\"name\":\"Etapas de desarrollo de la audici\u00f3n - Wyoming EHDI\",\"isPartOf\":{\"@id\":\"https:\\\/\\\/www.wyomingehdi.org\\\/es\\\/#website\"},\"datePublished\":\"2024-07-30T21:42:44+00:00\",\"dateModified\":\"2025-01-02T21:14:02+00:00\",\"breadcrumb\":{\"@id\":\"https:\\\/\\\/www.wyomingehdi.org\\\/es\\\/descripcion-general-de-la-audicion-y-la-sordera\\\/etapas-de-desarrollo-de-la-audicion\\\/#breadcrumb\"},\"inLanguage\":\"es\",\"potentialAction\":[{\"@type\":\"ReadAction\",\"target\":[\"https:\\\/\\\/www.wyomingehdi.org\\\/es\\\/descripcion-general-de-la-audicion-y-la-sordera\\\/etapas-de-desarrollo-de-la-audicion\\\/\"]}]},{\"@type\":\"BreadcrumbList\",\"@id\":\"https:\\\/\\\/www.wyomingehdi.org\\\/es\\\/descripcion-general-de-la-audicion-y-la-sordera\\\/etapas-de-desarrollo-de-la-audicion\\\/#breadcrumb\",\"itemListElement\":[{\"@type\":\"ListItem\",\"position\":1,\"name\":\"Home\",\"item\":\"https:\\\/\\\/www.wyomingehdi.org\\\/es\\\/\"},{\"@type\":\"ListItem\",\"position\":2,\"name\":\"Descripci\u00f3n general de la audici\u00f3n y la sordera\",\"item\":\"https:\\\/\\\/www.wyomingehdi.org\\\/es\\\/descripcion-general-de-la-audicion-y-la-sordera\\\/\"},{\"@type\":\"ListItem\",\"position\":3,\"name\":\"Etapas de desarrollo de la audici\u00f3n\"}]},{\"@type\":\"WebSite\",\"@id\":\"https:\\\/\\\/www.wyomingehdi.org\\\/es\\\/#website\",\"url\":\"https:\\\/\\\/www.wyomingehdi.org\\\/es\\\/\",\"name\":\"Wyoming EHDI\",\"description\":\"Wyoming Early Hearing Detection &amp; Intervention\",\"publisher\":{\"@id\":\"https:\\\/\\\/www.wyomingehdi.org\\\/es\\\/#organization\"},\"potentialAction\":[{\"@type\":\"SearchAction\",\"target\":{\"@type\":\"EntryPoint\",\"urlTemplate\":\"https:\\\/\\\/www.wyomingehdi.org\\\/es\\\/search\\\/{search_term_string}\"},\"query-input\":{\"@type\":\"PropertyValueSpecification\",\"valueRequired\":true,\"valueName\":\"search_term_string\"}}],\"inLanguage\":\"es\"},{\"@type\":\"Organization\",\"@id\":\"https:\\\/\\\/www.wyomingehdi.org\\\/es\\\/#organization\",\"name\":\"Wyoming EHDI\",\"url\":\"https:\\\/\\\/www.wyomingehdi.org\\\/es\\\/\",\"logo\":{\"@type\":\"ImageObject\",\"inLanguage\":\"es\",\"@id\":\"https:\\\/\\\/www.wyomingehdi.org\\\/es\\\/#\\\/schema\\\/logo\\\/image\\\/\",\"url\":\"https:\\\/\\\/www.wyomingehdi.org\\\/wp-content\\\/uploads\\\/2024\\\/07\\\/ehdi-wyoming-logo.svg\",\"contentUrl\":\"https:\\\/\\\/www.wyomingehdi.org\\\/wp-content\\\/uploads\\\/2024\\\/07\\\/ehdi-wyoming-logo.svg\",\"width\":241,\"height\":28,\"caption\":\"Wyoming EHDI\"},\"image\":{\"@id\":\"https:\\\/\\\/www.wyomingehdi.org\\\/es\\\/#\\\/schema\\\/logo\\\/image\\\/\"}}]}<\/script>\n<!-- \/ Yoast SEO plugin. -->","yoast_head_json":{"title":"Etapas de desarrollo de la audici\u00f3n - Wyoming EHDI","robots":{"index":"index","follow":"follow","max-snippet":"max-snippet:-1","max-image-preview":"max-image-preview:large","max-video-preview":"max-video-preview:-1"},"canonical":"https:\/\/www.wyomingehdi.org\/es\/descripcion-general-de-la-audicion-y-la-sordera\/etapas-de-desarrollo-de-la-audicion\/","og_locale":"es_ES","og_type":"article","og_title":"Etapas de desarrollo de la audici\u00f3n - Wyoming EHDI","og_description":"Chequeo Etapas de desarrollo de la audici\u00f3n Etapas de desarrollo de la audici\u00f3n La siguiente es una lista de algunas cosas que un beb\u00e9 con audici\u00f3n normal deber\u00eda ser capaz de hacer: Parpadea o salta cuando hay un ruido fuerte y repentino Se calla o sonr\u00ede cuando se le habla. Hace sonidos como \u00aboh\u00bb y&hellip;","og_url":"https:\/\/www.wyomingehdi.org\/es\/descripcion-general-de-la-audicion-y-la-sordera\/etapas-de-desarrollo-de-la-audicion\/","og_site_name":"Wyoming EHDI","article_modified_time":"2025-01-02T21:14:02+00:00","twitter_card":"summary_large_image","twitter_misc":{"Tiempo de lectura":"1 minuto"},"schema":{"@context":"https:\/\/schema.org","@graph":[{"@type":"WebPage","@id":"https:\/\/www.wyomingehdi.org\/es\/descripcion-general-de-la-audicion-y-la-sordera\/etapas-de-desarrollo-de-la-audicion\/","url":"https:\/\/www.wyomingehdi.org\/es\/descripcion-general-de-la-audicion-y-la-sordera\/etapas-de-desarrollo-de-la-audicion\/","name":"Etapas de desarrollo de la audici\u00f3n - Wyoming EHDI","isPartOf":{"@id":"https:\/\/www.wyomingehdi.org\/es\/#website"},"datePublished":"2024-07-30T21:42:44+00:00","dateModified":"2025-01-02T21:14:02+00:00","breadcrumb":{"@id":"https:\/\/www.wyomingehdi.org\/es\/descripcion-general-de-la-audicion-y-la-sordera\/etapas-de-desarrollo-de-la-audicion\/#breadcrumb"},"inLanguage":"es","potentialAction":[{"@type":"ReadAction","target":["https:\/\/www.wyomingehdi.org\/es\/descripcion-general-de-la-audicion-y-la-sordera\/etapas-de-desarrollo-de-la-audicion\/"]}]},{"@type":"BreadcrumbList","@id":"https:\/\/www.wyomingehdi.org\/es\/descripcion-general-de-la-audicion-y-la-sordera\/etapas-de-desarrollo-de-la-audicion\/#breadcrumb","itemListElement":[{"@type":"ListItem","position":1,"name":"Home","item":"https:\/\/www.wyomingehdi.org\/es\/"},{"@type":"ListItem","position":2,"name":"Descripci\u00f3n general de la audici\u00f3n y la sordera","item":"https:\/\/www.wyomingehdi.org\/es\/descripcion-general-de-la-audicion-y-la-sordera\/"},{"@type":"ListItem","position":3,"name":"Etapas de desarrollo de la audici\u00f3n"}]},{"@type":"WebSite","@id":"https:\/\/www.wyomingehdi.org\/es\/#website","url":"https:\/\/www.wyomingehdi.org\/es\/","name":"Wyoming EHDI","description":"Wyoming Early Hearing Detection &amp; Intervention","publisher":{"@id":"https:\/\/www.wyomingehdi.org\/es\/#organization"},"potentialAction":[{"@type":"SearchAction","target":{"@type":"EntryPoint","urlTemplate":"https:\/\/www.wyomingehdi.org\/es\/search\/{search_term_string}"},"query-input":{"@type":"PropertyValueSpecification","valueRequired":true,"valueName":"search_term_string"}}],"inLanguage":"es"},{"@type":"Organization","@id":"https:\/\/www.wyomingehdi.org\/es\/#organization","name":"Wyoming EHDI","url":"https:\/\/www.wyomingehdi.org\/es\/","logo":{"@type":"ImageObject","inLanguage":"es","@id":"https:\/\/www.wyomingehdi.org\/es\/#\/schema\/logo\/image\/","url":"https:\/\/www.wyomingehdi.org\/wp-content\/uploads\/2024\/07\/ehdi-wyoming-logo.svg","contentUrl":"https:\/\/www.wyomingehdi.org\/wp-content\/uploads\/2024\/07\/ehdi-wyoming-logo.svg","width":241,"height":28,"caption":"Wyoming EHDI"},"image":{"@id":"https:\/\/www.wyomingehdi.org\/es\/#\/schema\/logo\/image\/"}}]}},"_links":{"self":[{"href":"https:\/\/www.wyomingehdi.org\/es\/wp-json\/wp\/v2\/pages\/1756","targetHints":{"allow":["GET"]}}],"collection":[{"href":"https:\/\/www.wyomingehdi.org\/es\/wp-json\/wp\/v2\/pages"}],"about":[{"href":"https:\/\/www.wyomingehdi.org\/es\/wp-json\/wp\/v2\/types\/page"}],"author":[{"embeddable":true,"href":"https:\/\/www.wyomingehdi.org\/es\/wp-json\/wp\/v2\/users\/2"}],"replies":[{"embeddable":true,"href":"https:\/\/www.wyomingehdi.org\/es\/wp-json\/wp\/v2\/comments?post=1756"}],"version-history":[{"count":0,"href":"https:\/\/www.wyomingehdi.org\/es\/wp-json\/wp\/v2\/pages\/1756\/revisions"}],"up":[{"embeddable":true,"href":"https:\/\/www.wyomingehdi.org\/es\/wp-json\/wp\/v2\/pages\/1773"}],"wp:attachment":[{"href":"https:\/\/www.wyomingehdi.org\/es\/wp-json\/wp\/v2\/media?parent=1756"}],"curies":[{"name":"wp","href":"https:\/\/api.w.org\/{rel}","templated":true}]}}